{"id":3556,"date":"2021-08-05T17:48:45","date_gmt":"2021-08-05T16:48:45","guid":{"rendered":"https:\/\/www.peterlang.com\/?page_id=3556"},"modified":"2026-08-17T17:26:19","modified_gmt":"2026-08-17T16:26:19","slug":"pour-les-auteur-ice-s","status":"publish","type":"page","link":"https:\/\/www.peterlang.com\/fr\/pour-les-auteur-ice-s\/","title":{"rendered":"Informations pour les auteur-ice-s"},"content":{"rendered":"\n\n\r\n<section class=\"secondary-nav remove-spacing\" data-block=\"appeal\/secondary-nav\">\r\n  <div class=\"secondary-nav__container\">\r\n    <div class=\"secondary-nav__arrow secondary-nav__arrow--left\">\r\n      <svg version=\"1.1\" id=\"Capa_1\" xmlns=\"http:\/\/www.w3.org\/2000\/svg\" xmlns:xlink=\"http:\/\/www.w3.org\/1999\/xlink\" x=\"0px\" y=\"0px\"\r\n\t width=\"792.033px\" height=\"792.033px\" viewBox=\"0 0 792.033 792.033\" style=\"enable-background:new 0 0 792.033 792.033;\"\r\n\t xml:space=\"preserve\">\r\n<g>\r\n\t<g id=\"_x38_\">\r\n\t\t<g>\r\n\t\t\t<path d=\"M617.858,370.896L221.513,9.705c-13.006-12.94-34.099-12.94-47.105,0c-13.006,12.939-13.006,33.934,0,46.874\r\n\t\t\t\tl372.447,339.438L174.441,735.454c-13.006,12.94-13.006,33.935,0,46.874s34.099,12.939,47.104,0l396.346-361.191\r\n\t\t\t\tc6.932-6.898,9.904-16.043,9.441-25.087C627.763,386.972,624.792,377.828,617.858,370.896z\"\/>\r\n\t\t<\/g>\r\n\t<\/g>\r\n<\/g>\r\n<g>\r\n<\/g>\r\n<g>\r\n<\/g>\r\n<g>\r\n<\/g>\r\n<g>\r\n<\/g>\r\n<g>\r\n<\/g>\r\n<g>\r\n<\/g>\r\n<g>\r\n<\/g>\r\n<g>\r\n<\/g>\r\n<g>\r\n<\/g>\r\n<g>\r\n<\/g>\r\n<g>\r\n<\/g>\r\n<g>\r\n<\/g>\r\n<g>\r\n<\/g>\r\n<g>\r\n<\/g>\r\n<g>\r\n<\/g>\r\n<\/svg>\r\n    <\/div>\r\n    <nav class=\"secondary-nav__nav\">\r\n              <ul class=\"secondary-nav__links draggable\">\r\n                                    <li class=\"secondary-nav__link\">\r\n                                <a href=\"http:\/\/www.peterlang.com\/fr\/pour-les-auteurs\/#Publier-avec-Peter-Lang\">Publier avec Peter Lang<\/a>\r\n              <\/li>\r\n                                                <li class=\"secondary-nav__link\">\r\n                                <a href=\"http:\/\/www.peterlang.com\/fr\/pour-les-auteurs\/#text-and-image\/Open-Access\">Open Access<\/a>\r\n              <\/li>\r\n                                                <li class=\"secondary-nav__link\">\r\n                                <a href=\"http:\/\/www.peterlang.com\/fr\/pour-les-auteurs\/#text-and-image\/Nos-auteurs\">Nos Auteur-ice-s<\/a>\r\n              <\/li>\r\n                                                <li class=\"secondary-nav__link\">\r\n                                <a href=\"http:\/\/www.peterlang.com\/fr\/pour-les-auteurs\/#Service-des-cessions-de-droits\">Service des cessions de droits<\/a>\r\n              <\/li>\r\n                                                <li class=\"secondary-nav__link\">\r\n                                <a href=\"http:\/\/www.peterlang.com\/fr\/pour-les-auteurs\/#Port\u00e9e-commerciale\">Port\u00e9e commerciale<\/a>\r\n              <\/li>\r\n                                                <li class=\"secondary-nav__link\">\r\n                                <a href=\"http:\/\/www.peterlang.com\/fr\/pour-les-auteurs\/#team\/Editorial-Team\">\u00c9quipe \u00e9ditoriale<\/a>\r\n              <\/li>\r\n                                                <li class=\"secondary-nav__link\">\r\n                                <a href=\"http:\/\/www.peterlang.com\/fr\/pour-les-auteurs\/#tiles-v2\/policies-downloads\">Politiques et t\u00e9l\u00e9chargements<\/a>\r\n              <\/li>\r\n                              <\/ul>\r\n          <\/nav>\r\n    <div class=\"secondary-nav__arrow secondary-nav__arrow--right\">\r\n      <svg version=\"1.1\" id=\"Capa_1\" xmlns=\"http:\/\/www.w3.org\/2000\/svg\" xmlns:xlink=\"http:\/\/www.w3.org\/1999\/xlink\" x=\"0px\" y=\"0px\"\r\n\t width=\"792.033px\" height=\"792.033px\" viewBox=\"0 0 792.033 792.033\" style=\"enable-background:new 0 0 792.033 792.033;\"\r\n\t xml:space=\"preserve\">\r\n<g>\r\n\t<g id=\"_x38_\">\r\n\t\t<g>\r\n\t\t\t<path d=\"M617.858,370.896L221.513,9.705c-13.006-12.94-34.099-12.94-47.105,0c-13.006,12.939-13.006,33.934,0,46.874\r\n\t\t\t\tl372.447,339.438L174.441,735.454c-13.006,12.94-13.006,33.935,0,46.874s34.099,12.939,47.104,0l396.346-361.191\r\n\t\t\t\tc6.932-6.898,9.904-16.043,9.441-25.087C627.763,386.972,624.792,377.828,617.858,370.896z\"\/>\r\n\t\t<\/g>\r\n\t<\/g>\r\n<\/g>\r\n<g>\r\n<\/g>\r\n<g>\r\n<\/g>\r\n<g>\r\n<\/g>\r\n<g>\r\n<\/g>\r\n<g>\r\n<\/g>\r\n<g>\r\n<\/g>\r\n<g>\r\n<\/g>\r\n<g>\r\n<\/g>\r\n<g>\r\n<\/g>\r\n<g>\r\n<\/g>\r\n<g>\r\n<\/g>\r\n<g>\r\n<\/g>\r\n<g>\r\n<\/g>\r\n<g>\r\n<\/g>\r\n<g>\r\n<\/g>\r\n<\/svg>\r\n    <\/div>\r\n  <\/div>\r\n<\/section>\n\n\r\n\r\n<div class=\"appeal-spacer  appeal-spacer--6a9a2e7caf875\" aria-hidden=\"true\">\r\n    <style>\r\n        .appeal-spacer--6a9a2e7caf875 { height: 50px; }<!--\r\n        -->@media (max-width: 1919px) {\r\n            .appeal-spacer--6a9a2e7caf875 { height: 50px; }\r\n        }<!--\r\n        -->@media (max-width: 1023px) {\r\n            .appeal-spacer--6a9a2e7caf875 { height: 25px; }\r\n        }<!--\r\n        -->@media (max-width: 599px) {\r\n            .appeal-spacer--6a9a2e7caf875 { height: 25px; }\r\n        }\r\n    <\/style>\r\n<\/div>\r\n\n\n\n<h2 class=\"wp-block-heading anchor\" id=\"Publier-avec-Peter-Lang\"><strong>A l\u2019attention des auteur-ice-s<\/strong><\/h2>\n\n\n\n<p>Chez Peter Lang, nous nous effor\u00e7ons de mettre toute notre exp\u00e9rience et notre savoir-faire en mati\u00e8re d&#8217;\u00e9dition au service de votre projet : de la d\u00e9finition du type de publication (digital, print, OpenAccess, etc.) \u00e0 la production de votre livre, en passant par le marketing et le graphisme, nos \u00e9quipes sont l\u00e0 pour vous accompagner durant tout le processus d&#8217;\u00e9dition. D\u00e9couvrez nos diff\u00e9rentes offres et pourquoi Peter Lang est le choix id\u00e9al pour la publication et la promulgation de vos recherches.<\/p>\n\n\n\r\n\r\n<section data-loaded class=\"tam tam--ltr tam--bg-active\" data-block=\"appeal\/text-and-image\">\r\n  <div class=\"tam__container\">\r\n    <div class=\"tam__content\">\r\n              <div class=\"tam__image\">\r\n                      <img decoding=\"async\" src=\"https:\/\/www.peterlang.com\/app\/uploads\/2021\/08\/kyle-glenn-nXt5HtLmlgE-unsplash-1.jpg\" alt=\"Globe in an office\">\r\n                  <\/div>\r\n          <\/div>\r\n\r\n    <div class=\"tam__block wysiwyg\">\r\n      \n\n<h3 class=\"wp-block-heading\" id=\"h-une-reputation-bien-etablie\"><strong>Une r\u00e9putation bien \u00e9tablie<\/strong><\/h3>\n\n\n\n<p id=\"Publish-with-us\">\u00c9diteur acad\u00e9mique profond\u00e9ment attach\u00e9 \u00e0 l&#8217;excellence dans le domaine des sciences humaines et sociales, Peter Lang met son expertise au service de la communaut\u00e9 universitaire depuis plus de cinquante ans. Nos nombreuses publications b\u00e9n\u00e9ficient d&#8217;un lectorat mondial et sont largement comment\u00e9es dans les revues universitaires internationales. Bien que nous soyons reconnus pour nos publications dans certaines disciplines cl\u00e9s, notamment les \u00e9tudes culturelles, les sciences de l&#8217;\u00e9ducation, les \u00e9tudes cin\u00e9matographiques, l&#8217;histoire, le droit, la linguistique et la traductologie, la litt\u00e9rature, les m\u00e9dias et la communication, la philosophie et la th\u00e9ologie, nous sommes toujours ouverts aux nouveaux domaines de recherches universitaires et curieux de nouvelles approches. Nous accueillons volontiers toute proposition de projet innovant, qu&#8217;il s&#8217;agisse d&#8217;une monographie, d&#8217;un recueil, ou encore d&#8217;une th\u00e8se publi\u00e9e sous forme de livre.<\/p>\n\n\r\n\r\n          <\/div>\r\n  <\/div>\r\n<\/section>\n\n\r\n\r\n<section data-loaded class=\"tam tam--rtl\" data-block=\"appeal\/text-and-image\">\r\n  <div class=\"tam__container\">\r\n    <div class=\"tam__content\">\r\n              <div class=\"tam__image\">\r\n                      <img decoding=\"async\" src=\"https:\/\/www.peterlang.com\/app\/uploads\/2021\/07\/pexels-life-of-pix-8264-scaled.jpg\" alt=\"Person typing on keyboard\">\r\n                  <\/div>\r\n          <\/div>\r\n\r\n    <div class=\"tam__block wysiwyg\">\r\n      \n\n<h3 class=\"wp-block-heading\" id=\"h-une-presence-mondiale\"><strong><strong>Une pr\u00e9sence mondiale<\/strong><\/strong><\/h3>\n\n\n\n<p>Nos ouvrages sont disponibles dans le monde entier gr\u00e2ce \u00e0 nos partenariats avec de nombreuses librairies et biblioth\u00e8ques universitaires, d\u00e9taillants en ligne et autres distributeurs priv\u00e9s. Afin de nous assurer que nos publications atteignent le public vis\u00e9, nous menons un large \u00e9ventail de campagnes de marketing \u00e0 l&#8217;\u00e9chelle mondiale, participons aux principaux salons du livre et \u00e0 des conf\u00e9rences sp\u00e9cialis\u00e9es, et entretenons des relations \u00e9troites avec des associations universitaires. Notre pr\u00e9sence croissante et notre communaut\u00e9 grandissante sur les r\u00e9seaux sociaux contribuent \u00e9galement \u00e0 faire conna\u00eetre nos ouvrages et \u00e0 les diffuser \u00e0 large \u00e9chelle.<\/p>\n\n\n\n<p>En savoir plus sur la promotion de votre livre.<\/p>\n\n\r\n\r\n          <\/div>\r\n  <\/div>\r\n<\/section>\n\n\r\n\r\n<section data-loaded class=\"tam tam--ltr tam--bg-active\" data-block=\"appeal\/text-and-image\">\r\n  <div class=\"tam__container\">\r\n    <div class=\"tam__content\">\r\n              <div class=\"tam__image\">\r\n                      <img decoding=\"async\" src=\"https:\/\/www.peterlang.com\/app\/uploads\/2021\/07\/pexels-cottonbro-4861351-scaled.jpg\" alt=\"Students reading books\">\r\n                  <\/div>\r\n          <\/div>\r\n\r\n    <div class=\"tam__block wysiwyg\">\r\n      \n\n<h3 class=\"wp-block-heading\" id=\"h-processus-de-revision-academique-par-les-pair-e-s-peer-review\"><strong>Processus de r\u00e9vision acad\u00e9mique par les pair-e-s<\/strong> <strong>(&#8220;peer review&#8221;)<\/strong><\/h3>\n\n\n\n<p>Toutes les propositions de manuscrits sont \u00e9valu\u00e9es, tant sur leur forme que sur leur fond, par nos \u00e9quipes \u00e9ditoriales ainsi que par des chercheur-euse-s sp\u00e9cialis\u00e9-e-s du domaine. Afin de pr\u00e9venir le plagiat, tous les manuscrits sont compar\u00e9s \u00e0 la litt\u00e9rature d\u00e9j\u00e0 publi\u00e9e \u00e0 l&#8217;aide du logiciel de comparaison CrossCheck.<\/p>\n\n\n\n<p>Les manuscrits font ensuite l&#8217;objet d&#8217;une \u00e9valutation rigoureuse par les pair-e-s (&#8220;peer review&#8221;), men\u00e9e par des chercheur-euse-s reconnu-e-s dans le domaine concern\u00e9, afin de garantir l&#8217;excellente qualit\u00e9 des publications. Dans la plupart des cas, deux \u00e9valuations ind\u00e9pendantes sont requises par l&#8217;\u00e9diteur. Les \u00e9valuations proviennent d&#8217;universitaires exp\u00e9riment\u00e9-e-s qui s&#8217;engagent \u00e0 respecter les directives \u00e9thiques du Comit\u00e9 d\u2019\u00e9thique de publication (COPE) garantissant l&#8217;int\u00e9grit\u00e9 de la recherche universitaire publi\u00e9e.<\/p>\n\n\n\n<p>Comme toutes les maisons d&#8217;\u00e9dition qui pratiquent l&#8217;\u00e9valuation par les pair-e-s, nous suivons de tr\u00e8s pr\u00e8s notre taux d&#8217;acceptation par rapport au taux de rejet. Ce taux varie selon les disciplines, mais nous rejetons g\u00e9n\u00e9ralement environ 30 % de l&#8217;ensemble des projets qui entrent dans le processus de &#8220;peer review&#8221;. Beaucoup de propositions ne sont pas accept\u00e9es du tout et sont \u00e9limin\u00e9es \u00e0 un stade plus pr\u00e9coce. Par exemple, nous ne prenons pas en consid\u00e9ration les manuscrits qui ne rel\u00e8vent pas de nos domaines de sp\u00e9cialit\u00e9 (les soumissions de ce type sont imm\u00e9diatement exclues).<\/p>\n\n\n\n<p>Si vous souhaitez participer \u00e0 notre processus d&#8217;\u00e9valuation (&#8220;peer review&#8221;), veuillez t\u00e9l\u00e9charger et remplir ce formulaire et l&#8217;envoyer \u00e0 publishing@peterlang.com.<\/p>\n\n\r\n\r\n          <\/div>\r\n  <\/div>\r\n<\/section>\n\n\r\n\r\n<section data-loaded class=\"tam tam--rtl\" data-block=\"appeal\/text-and-image\">\r\n  <div class=\"tam__container\">\r\n    <div class=\"tam__content\">\r\n              <div class=\"tam__image\">\r\n                      <img decoding=\"async\" src=\"https:\/\/www.peterlang.com\/app\/uploads\/2021\/07\/pexels-ekaterina-bolovtsova-4050220-scaled.jpg\" alt=\"Person working on a laptop\">\r\n                  <\/div>\r\n          <\/div>\r\n\r\n    <div class=\"tam__block wysiwyg\">\r\n      \n\n<h3 class=\"wp-block-heading\" id=\"h-un-accompagnement-reactif-et-fiable\"><strong><strong>Un accompagnement r\u00e9actif et fiable<\/strong><\/strong><\/h3>\n\n\n\n<p>Accompagner nos auteur-ice-s durant tout le processus de publication de leur recherche constitue une priorit\u00e9 absolue pour nous. Nos \u00e9quipes \u00e9ditoriales sont pr\u00e9sentes tout au long du processus de publication et chaque auteur-ice b\u00e9n\u00e9ficie d&#8217;une collaboration \u00e9troite avec un-e \u00e9diteur-ice, depuis la proposition initiale jusqu&#8217;\u00e0 la publication du livre.<\/p>\n\n\n\n<p>L&#8217;excellente qualit\u00e9 de la langue et du contenu constituent les fondements essentiels de toute publication universitaire. Nous nous r\u00e9servons le droit de transmettre chaque manuscrit \u00e0 un-e locuteur-ice natif-ve pour examen. Si le texte n\u00e9cessite des am\u00e9liorations, nous contactons les auteur-ice-s concern\u00e9-e-s afin de discuter des suites possibles. Dans la plupart des cas, une r\u00e9vision professionnelle effectu\u00e9e par l&#8217;\u00e9diteur constitue une option envisageable. <\/p>\n\n\n\n<p>Nous nous engageons pleinement et personnellement dans chaque projet. Dans ce cadre, nous veillons \u00e0 ce que chaque ouvrage soit publi\u00e9 dans les meilleurs d\u00e9lais suite \u00e0 la r\u00e9ception du manuscrit. Nos \u00e9quipes sont fi\u00e8res de pouvoir garantir un service efficace et fiable, tout en respectant des normes professionnelles \u00e9lev\u00e9es en mati\u00e8re de conception et de production.<\/p>\n\n\r\n\r\n          <\/div>\r\n  <\/div>\r\n<\/section>\n\n\r\n\r\n<section data-loaded class=\"tam tam--ltr tam--bg-active\" data-block=\"appeal\/text-and-image\">\r\n  <div class=\"tam__container\">\r\n    <div class=\"tam__content\">\r\n              <div class=\"tam__image\">\r\n                      <img decoding=\"async\" src=\"https:\/\/www.peterlang.com\/app\/uploads\/2021\/07\/pexels-pixabay-261626-scaled.jpg\" alt=\"Extreme close-up of a typewriter.\">\r\n                  <\/div>\r\n          <\/div>\r\n\r\n    <div class=\"tam__block wysiwyg\">\r\n      \n\n<h3 class=\"wp-block-heading\" id=\"h-l-innovation-dans-l-edition\"><strong>L&#8217;innovation dans l&#8217;\u00e9dition<\/strong><\/h3>\n\n\n\n<p>Face \u00e0 l&#8217;\u00e9volution rapide des technologies num\u00e9riques, nous nous adaptons en permanence pour r\u00e9pondre aux besoins de nos auteur-ice-s et de nos client-e-s. Nous publions \u00e0 la fois en format papier et en format \u00e9lectronique, ce qui nous permet de toucher le march\u00e9 en pleine croissance du livre num\u00e9rique (tant aupr\u00e8s des biblioth\u00e8ques que des particuliers). Nos livres num\u00e9riques sont disponibles sur notre site web et via divers canaux num\u00e9riques (Amazon Kindle, iTunes et Kobo) et sont accessibles sur tablette, smartphone ou eReader.<\/p>\n\n\n\n<p>La publication en acc\u00e8s ouvert (&#8220;Open Access&#8221;) est devenue un mod\u00e8le tr\u00e8s appr\u00e9ci\u00e9 et valoris\u00e9 dans de nombreuses disciplines. Nous soutenons et facilitons la publication en Open Access pour les auteur-ice-s qui le souhaitent. Nos publications en acc\u00e8s ouvert peuvent \u00eatre t\u00e9l\u00e9charg\u00e9es directement depuis notre site web et depuis le site de notre partenaire OAPEN.<\/p>\n\n\r\n\r\n          <\/div>\r\n  <\/div>\r\n<\/section>\n\n\r\n\r\n<section data-loaded class=\"tam tam--rtl\" data-block=\"appeal\/text-and-image\">\r\n  <div class=\"tam__container\">\r\n    <div class=\"tam__content\">\r\n              <div class=\"tam__image\">\r\n                      <img decoding=\"async\" src=\"https:\/\/www.peterlang.com\/app\/uploads\/2021\/07\/pexels-pixabay-256455.jpg\" alt=\"Person standing in front of a bookshelf, reading a book.\">\r\n                  <\/div>\r\n          <\/div>\r\n\r\n    <div class=\"tam__block wysiwyg\">\r\n      \n\n<h3 class=\"wp-block-heading\" id=\"h-nouveaux-modeles-et-offres-editoriales\">Nouveaux  mod\u00e8les et offres \u00e9ditoriales<\/h3>\n\n\n\n<p>Peter Lang propose un nouveau mod\u00e8le dans son offre \u00e9ditoriale, permettant de publier des travaux de recherche sous forme de volumes plus courts, avec des d\u00e9lais de publication restreints.<\/p>\n\n\n\n<p>Volume plus court : 30&#8217;000 \u00e0 50&#8217;000 mots<br>Production rapide : 8 \u00e0 10 semaines<br>Format : livre reli\u00e9 et livre num\u00e9rique, avec la possibilit\u00e9 de publier en acc\u00e8s ouvert<br>Disciplines : Sciences humaines et sociales, Business et Management<br>Distribution : disponible dans le monde entier<\/p>\n\n\n\n<p>Pour en savoir plus sur notre mod\u00e8le \u00e9conomique d\u2019acc\u00e8s ouvert et sur les possibilit\u00e9s de financement, consultez notre page <a title=\"D\u00e9couvrez notre page d\u00e9di\u00e9e \u00e0 l'Open Access pour en savoir plus sur le mod\u00e8le \u00e9conomique et les possibilit\u00e9s de financement\" href=\"https:\/\/www.peterlang.com\/page\/Prompts\/peter-lang-prompts\">d\u00e9di\u00e9e \u00e0 l&#8217;Open Access<\/a>.<\/p>\n\n\n\n<h6 class=\"wp-block-heading\" id=\"h-vous-souhaitez-nous-rejoindre-en-tant-qu-auteur-ice-ou-en-tant-qu-editeur-ice-nbsp-nbsp\">Vous souhaitez nous rejoindre en tant qu&#8217;auteur-ice ou en tant qu&#8217;\u00e9diteur-ice ?&nbsp;&nbsp;<\/h6>\n\n\n\n<ul class=\"wp-block-list\">\n<li>Un contact personnel avec notre \u00e9quipe \u00e9ditoriale &nbsp;&nbsp;<\/li>\n\n\n\n<li>Des crit\u00e8res \u00e9lev\u00e9s en mati\u00e8re de production et une publication rapide&nbsp;&nbsp;<\/li>\n\n\n\n<li>Format papier, num\u00e9rique, ainsi qu&#8217;en Open Access<\/li>\n\n\n\n<li>Plateforme mondiale d\u00e9di\u00e9e au marketing, \u00e0 la communication et \u00e0 la diffusion de donn\u00e9es cl\u00e9s via les canaux de r\u00e9f\u00e9rence du secteur&nbsp;&nbsp;<\/li>\n<\/ul>\n\n\n\n<p>Nous nous r\u00e9jouissons de recevoir vos projets de publications !<\/p>\n\n\n\n<p>&nbsp; &nbsp;<\/p>\n\n\r\n\r\n          <\/div>\r\n  <\/div>\r\n<\/section>\n\n\r\n\r\n<section class=\"books js-book-carousel\">\r\n  <div class=\"books__container\">\r\n    <div class=\"books__titles\">\r\n      <h2 class=\"books__title\"><\/h2>\r\n      <h3 class=\"books__subtitle\"><\/h3>\r\n    <\/div>\r\n  \r\n    <book-carousel class=\"books__slider\" :ids='[\"1058860\",\"1058824\",\"1114292\",\"1063365\",\"1059476\",\"1063432\",\"1149187\",\"1063438\",\"1137051\",\"1140534\",\"1059441\",\"1063446\"]'><\/book-carousel>\r\n  <\/div>\r\n<\/section>\n\n\n\n\n<section class=\"testimonial\">\n\t<div class=\"testimonial__bg\"><\/div>\n\t<div class=\"testimonial__container\">\n\t\t\t\t<div class=\"testimonial__image\">\n\t\t\t<img decoding=\"async\" src=\"https:\/\/www.peterlang.com\/app\/uploads\/2021\/08\/Death-in-Modern-Scotland-1855-1955-Beliefs-Attitudes-and-Practices-scaled-e1632224006219-316x477.jpg\" alt=\"Death in modern scotland book\">\n\t\t<\/div>\n\t\t \n\t\t<div class=\"testimonial__content\">\n\t\t\t<blockquote class=\"testimonial__quote\">\n\t\t\t\t<p>&#8220;The book is great to handle, the font size and the presentation of the pages is handsome and the whole effect is very good. Congratulations to you and your team for all your work on this. From start to finish you have been a great publishing house to work with. We are grateful to Valentina Bold and especially to Lahkbir Jassal for recommending us to you.&#8221;<\/p>\n\t\t\t<\/blockquote>\n\t\t\t<p class=\"testimonial__caption\">Peter C. Jupp, co-editor of Death in Modern Scotland, 1855-1955: Beliefs, Attitudes and Practices<\/p>\n\t\t<\/div>\n\t<\/div>\n<\/section>\n\n\r\n<a id=\"text-and-image\/Open-Access\" class=\"block-anchor\"><\/a>\r\n<section data-loaded class=\"tam tam--ltr\" data-block=\"appeal\/text-and-image\">\r\n  <div class=\"tam__container\">\r\n    <div class=\"tam__content\">\r\n              <div class=\"tam__image\">\r\n                      <img decoding=\"async\" src=\"https:\/\/www.peterlang.com\/app\/uploads\/2021\/07\/pexels-william-fortunato-6393024-scaled.jpg\" alt=\"Person taking notes from computer screen\">\r\n                  <\/div>\r\n          <\/div>\r\n\r\n    <div class=\"tam__block wysiwyg\">\r\n      \n\n<h2 class=\"wp-block-heading anchor\" id=\"open-access\">Open Access (Ajout PDF \u2013 parcours de l\u2019OA)<\/h2>\n\n\n\n<p>Nous sommes ravis d\u2019offrir \u00e0 nos auteur-ice-s la possibilit\u00e9 de publier en acc\u00e8s ouvert. Si vous choisissez l&#8217;option Open Access, vos travaux de recherche seront accessibles librement en ligne et pourront \u00eatre consult\u00e9s, t\u00e9l\u00e9charg\u00e9s et partag\u00e9s d\u00e8s leur publication. Bien que notre <a title=\"En savoir plus sur le mod\u00e8le Gold Open Access de Peter Lang\" href=\"https:\/\/www.peterlang.com\/fr\/nos-services\/publier-en-open-access\/\">mod\u00e8le Gold Open Access<\/a> soit con\u00e7u pour r\u00e9pondre aux besoins de la plupart des auteur-ice-s et des organismes de financement, nous sommes toujours dispos\u00e9s \u00e0 vous proposer une offre personnalis\u00e9e sur simple demande.<\/p>\n\n\n\n<p>Peter Lang a d\u00e9j\u00e0 publi\u00e9 une s\u00e9lection d&#8217;ouvrages en acc\u00e8s ouvert dans le cadre d\u2019un projet financ\u00e9 par le Fonds national suisse de la recherche scientifique.&nbsp;<a title=\"Consultez les titres de Peter Lang dans le Directory of Open Access Books (DOAB)\" href=\"http:\/\/doabooks.org\/doab?func=search&amp;uiLanguage=en&amp;template=&amp;query=peter+lang\" target=\"_blank\" rel=\"noreferrer noopener\">Vous pouvez consulter ces titres dans le Directory of Open Access Books (DOAB), disponible ici.<\/a><\/p>\n\n\n\n<p><a title=\"Envoyez un e-mail pour en savoir plus sur notre \u00e9thique en mati\u00e8re de publication\" href=\"mailto:openaccess@peterlang.com?subject=Open%20Access\"><strong>Plus d&#8217;informations en mati\u00e8re d&#8217;\u00e9thique.<\/strong><\/a><\/p>\n\n\n\n<p><strong>N\u2019h\u00e9sitez pas \u00e0 nous contacter si vous avez des questions au sujet de l&#8217;Open Acces.<\/strong><\/p>\n\n\n\n<p>En savoir plus sur notre mod\u00e8le \u00e9conomique d\u2019acc\u00e8s ouvert et sur les possibilit\u00e9s de financement&nbsp;:<\/p>\n\n\n\n<p><a href=\"https:\/\/www.peterlang.com\/fr\/nos-services\/publier-en-open-access\/\" title=\"En savoir plus sur le mod\u00e8le Gold Open Access de Peter Lang\">Notre mod\u00e8le Gold Open Access<\/a><\/p>\n\n\n\n<p><a title=\"D\u00e9couvrez plus d'informations sur l'acc\u00e8s libre et les droits d'auteur avec Peter Lang\" href=\"https:\/\/www.peterlang.com\/fr\/nos-services\/publier-en-open-access\/\">Acc\u00e8s ouvert et droits d\u2019auteur<\/a><\/p>\n\n\n\n<p><a title=\"D\u00e9couvrez nos partenaires en libre acc\u00e8s avec Peter Lang\" href=\"https:\/\/www.peterlang.com\/fr\/nos-services\/publier-en-open-access\/\">Nos partenaires Open Access<\/a><\/p>\n\n\n\n<p><a title=\"Explorez les opportunit\u00e9s de financement pour la publication en libre acc\u00e8s\" href=\"https:\/\/www.peterlang.com\/fr\/nos-services\/publier-en-open-access\/\">Financements possibles<\/a><\/p>\n\n\r\n\r\n          <\/div>\r\n  <\/div>\r\n<\/section>\n\n\r\n<a id=\"text-and-image\/Nos-auteurs\" class=\"block-anchor\"><\/a>\r\n<section data-loaded class=\"tam tam--rtl tam--bg-active\" data-block=\"appeal\/text-and-image\">\r\n  <div class=\"tam__container\">\r\n    <div class=\"tam__content\">\r\n              <div class=\"tam__image\">\r\n                      <img decoding=\"async\" src=\"https:\/\/www.peterlang.com\/app\/uploads\/2021\/07\/pexels-vlada-karpovich-4050287-scaled.jpg\" alt=\"Birds-eye view close up of a woman's hand on the trackpad of her laptop as she edits a document.\">\r\n                  <\/div>\r\n          <\/div>\r\n\r\n    <div class=\"tam__block wysiwyg\">\r\n      \n\n<h2 class=\"wp-block-heading anchor\" id=\"Nos-auteurs\">Nos auteur-ice-s<\/h2>\n\n\n\n<p>Vous trouverez une liste exhaustive de <a title=\"T\u00e9l\u00e9chargez des formulaires et des guides pour pr\u00e9parer votre manuscrit\" href=\"https:\/\/www.peterlang.com\/for-authors\/#tiles-v2\/policies-downloads\">formulaires et de guides<\/a> pour vous aider \u00e0 pr\u00e9parer votre manuscrit en vue de sa soumission. N&#8217;h\u00e9sitez pas \u00e0 contacter nos \u00e9quipes \u00e9ditoriales pour toute question !<\/p>\n\n\n\n<ul class=\"wp-block-list\">\n<li><a title=\"T\u00e9l\u00e9chargez le formulaire de proposition d'\u00e9dition pour les livres\" href=\"https:\/\/www.peterlang.com\/fr\/pour-les-auteurs\/#tiles-v2\/policies-downloads\">Formulaire de soumission \u2013 Livre<\/a><\/li>\n\n\n\n<li><a title=\"T\u00e9l\u00e9chargez le formulaire de proposition de publication pour les s\u00e9ries\" href=\"\/fr\/pour-les-auteurs\/#tiles-v2\/policies-downloads\">Formulaire de soumission \u2013 Collection<\/a><\/li>\n\n\n\n<li><a title=\"Consultez les guides de soumission de Peter Lang\" href=\"\/fr\/pour-les-auteurs\/#tiles-v2\/policies-downloads\">Guide de soumission Peter Lang<\/a><\/li>\n\n\n\n<li><a title=\"Consultez les guides des droits d\u2019auteur de Peter Lang\" href=\"\/fr\/pour-les-auteurs\/#tiles-v2\/policies-downloads\">Guide de droits d\u2019auteur Peter Lang<\/a><\/li>\n\n\n\n<li><a title=\"Consultez les guides d\u2019indexation de Peter Lang\" href=\"\/fr\/pour-les-auteurs\/#tiles-v2\/policies-downloads\">Guide d\u2019indexation Peter Lang<\/a><\/li>\n\n\n\n<li><a href=\"\/fr\/pour-les-auteurs\/#tiles-v2\/policies-downloads\" title=\"T\u00e9l\u00e9chargez les mod\u00e8les de lettre d\u2019autorisations de Peter Lang\">Mod\u00e8les de lettre d\u2019autorisations Peter Lang<\/a><\/li>\n\n\n\n<li><a href=\"\/fr\/pour-les-auteurs\/#tiles-v2\/policies-downloads\" title=\"Consultez le guide de style de Peter Lang pour l'anglais am\u00e9ricain\">Guide de style Peter Lang \u2013 Anglais am\u00e9ricain<\/a><\/li>\n\n\n\n<li><a title=\"Consultez le guide de stylistique de Peter Lang pour l'anglais britannique\" href=\"\/fr\/pour-les-auteurs\/#tiles-v2\/policies-downloads\">Guide de style Peter Lang \u2013 Anglais britannique<\/a><\/li>\n\n\n\n<li><a title=\"Consultez les guides d\u2019\u00e9thique de publication de Peter Lang\" href=\"\/fr\/pour-les-auteurs\/#tiles-v2\/policies-downloads\">Guide d\u2019\u00e9thique de publication Peter Lang<\/a><\/li>\n\n\n\n<li><a title=\"Consultez les autorisations et la politique du d\u00e9p\u00f4t de Peter Lang\" href=\"\/fr\/pour-les-auteurs\/#tiles-v2\/policies-downloads\">Autorisation et politique de d\u00e9p\u00f4t<\/a><\/li>\n<\/ul>\n\n\r\n\r\n          <\/div>\r\n  <\/div>\r\n<\/section>\n\n\r\n\r\n<div class=\"appeal-spacer  appeal-spacer--6a9a2e7cbc63f\" aria-hidden=\"true\">\r\n    <style>\r\n        .appeal-spacer--6a9a2e7cbc63f { height: 50px; }<!--\r\n        -->@media (max-width: 1919px) {\r\n            .appeal-spacer--6a9a2e7cbc63f { height: 50px; }\r\n        }<!--\r\n        -->@media (max-width: 1023px) {\r\n            .appeal-spacer--6a9a2e7cbc63f { height: 25px; }\r\n        }<!--\r\n        -->@media (max-width: 599px) {\r\n            .appeal-spacer--6a9a2e7cbc63f { height: 25px; }\r\n        }\r\n    <\/style>\r\n<\/div>\r\n\n\n\n<h2 class=\"wp-block-heading has-text-align-center anchor\" id=\"Service-des-cessions-de-droits\">Service de cession des droits<\/h2>\n\n\n\n<p class=\"has-text-align-center\">Merci de l&#8217;int\u00e9r\u00eat que vous portez \u00e0 nos publications.<\/p>\n\n\n\r\n\r\n<section data-loaded class=\"tam tam--ltr\" data-block=\"appeal\/text-and-image\">\r\n  <div class=\"tam__container\">\r\n    <div class=\"tam__content\">\r\n              <div class=\"tam__image\">\r\n                      <img decoding=\"async\" src=\"https:\/\/www.peterlang.com\/app\/uploads\/2021\/09\/CCC_Logo-1024x1024-1.png\" alt=\"copyright clearance centre\">\r\n                  <\/div>\r\n          <\/div>\r\n\r\n    <div class=\"tam__block wysiwyg\">\r\n      \n\n<h3 class=\"wp-block-heading\" id=\"h-afin-de-faciliter-l-octroi-d-autorisations-d-utilisation-de-nos-publications-nous-travaillons-en-partenariat-avec-le-nbsp-copyright-clearance-center-nbsp-ccc\">Afin de faciliter l\u2019octroi d\u2019autorisations d&#8217;utilisation de nos publications, nous travaillons en partenariat avec le&nbsp;<strong>Copyright Clearance Center<\/strong>&nbsp;(CCC).<\/h3>\n\n\n\n<p>Voici comment proc\u00e9der :<\/p>\n\n\n\n<ul class=\"wp-block-list\">\n<li>Cliquez sur le bouton \u00ab&nbsp;Obtenir des autorisations&nbsp;\u00bb qui s&#8217;affiche sur notre site Internet ci-dessous OU rendez-vous sur&nbsp;<a href=\"http:\/\/www.copyright.com\/\" target=\"_blank\" rel=\"noreferrer noopener\">www.copyright.com<\/a><\/li>\n\n\n\n<li>Dans le champ de recherche en haut \u00e0 droite, renseignez le titre, le num\u00e9ro ISBN ou ISSN de la publication que vous souhaiteriez r\u00e9utiliser puis appuyez sur \u00ab&nbsp;Recherche&nbsp;\u00bb<\/li>\n\n\n\n<li>La recherche par ISBN est la plus simple et la plus rapide<\/li>\n\n\n\n<li>V\u00e9rifiez l&#8217;ann\u00e9e de publication du contenu afin de v\u00e9rifier qu&#8217;il s&#8217;agit de la bonne \u00e9dition<\/li>\n\n\n\n<li>S\u00e9lectionnez \u00ab&nbsp;Options de facturation \u00e0 l&#8217;usage&nbsp;\u00bb<\/li>\n\n\n\n<li>Dans le menu d\u00e9roulant, s\u00e9lectionnez le type de r\u00e9utilisation de votre choix<\/li>\n\n\n\n<li>Cliquez sur \u00ab&nbsp;Prix et commande&nbsp;\u00bb<\/li>\n\n\n\n<li>Renseignez les informations demand\u00e9es<\/li>\n\n\n\n<li>Suivez les instructions afin d&#8217;obtenir les autorisations dont vous avez besoin pour r\u00e9utiliser le contenu<\/li>\n\n\n\n<li>Si vous \u00eates auteur-ice chez Peter Lang et souhaitez r\u00e9utiliser votre propre contenu, veillez \u00e0 bien s\u00e9lectionner \u00ab&nbsp;Auteur-ice du contenu demand\u00e9&nbsp;\u00bb<\/li>\n\n\n\n<li>Cliquez sur \u00ab&nbsp;Obtenir le prix&nbsp;\u00bb<\/li>\n<\/ul>\n\n\n\n<p><em>Nota Bene<\/em>&nbsp;: Si c&#8217;est la premi\u00e8re fois que vous demandez une autorisation \u00e0 CCC, vous devrez cr\u00e9er un \u00ab&nbsp;Compte de facturation \u00e0 l&#8217;usage&nbsp;\u00bb pour lancer la proc\u00e9dure (les auteur-ice-s qui r\u00e9clament l&#8217;utilisation de leur propre mat\u00e9riel ne seront pas factur\u00e9-e-s).<\/p>\n\n\n\n<p>Pour toute demande d\u2019aide concernant une demande d\u2019autorisation, veuillez contacter directement Copyright Clearance Center :<\/p>\n\n\n\n<p>Copyright Clearance Center<br>222 Rosewood Drive<br>Danvers, MA 01923<br>USA<br>T\u00e9l: +1-978-750-8400<br>Fax: +1-978-646-8600<br>E-mail:&nbsp;<a href=\"mailto:info@copyright.com\">info@copyright.com<\/a><\/p>\n\n\r\n\r\n              <a href=\"https:\/\/marketplace.copyright.com\/rs-ui-web\/mp\/advanced-search\/journal\/result\" target=\"_blank\" class=\"tam__link\">Obtenir la permission<\/a>\r\n          <\/div>\r\n  <\/div>\r\n<\/section>\n\n\r\n\r\n<section data-loaded class=\"tam tam--rtl tam--bg-active\" data-block=\"appeal\/text-and-image\">\r\n  <div class=\"tam__container\">\r\n    <div class=\"tam__content\">\r\n              <div class=\"tam__image\">\r\n                      <img decoding=\"async\" src=\"https:\/\/www.peterlang.com\/app\/uploads\/2021\/09\/c-m-X_j3b4rqnlk-unsplash.jpg\" alt=\"Library storage for books\">\r\n                  <\/div>\r\n          <\/div>\r\n\r\n    <div class=\"tam__block wysiwyg\">\r\n      \n\n<h3 class=\"wp-block-heading\" id=\"h-politique-relative-aux-depots-numeriques\">Politique relative aux d\u00e9p\u00f4ts num\u00e9riques<\/h3>\n\n\n\n<p>Un d\u00e9p\u00f4t num\u00e9rique universitaire stocke des contenus publi\u00e9s et les met \u00e0 la disposition des utilisateur-ice-s. Un d\u00e9p\u00f4t peut avoir pour objectif d\u2019archiver l&#8217;ensemble des publications \u00e9manant d\u2019une universit\u00e9 donn\u00e9e, d\u2019une discipline sp\u00e9cifique, ou alors regrouper des publications scientifiques diverses.<\/p>\n\n\r\n\r\n              <a href=\"http:\/\/www.peterlang.com\/fr\/politique-de-depot\/\" target=\"_blank\" class=\"tam__link\">Apprendre encore plus<\/a>\r\n          <\/div>\r\n  <\/div>\r\n<\/section>\n\n\r\n\r\n<section data-loaded class=\"tam tam--ltr\" data-block=\"appeal\/text-and-image\">\r\n  <div class=\"tam__container\">\r\n    <div class=\"tam__content\">\r\n              <div class=\"tam__image\">\r\n                      <img decoding=\"async\" src=\"https:\/\/www.peterlang.com\/app\/uploads\/2021\/07\/pexels-anna-shvets-5325003.jpg\" alt=\"working professional on a desk\">\r\n                  <\/div>\r\n          <\/div>\r\n\r\n    <div class=\"tam__block wysiwyg\">\r\n      \n\n<h3 class=\"wp-block-heading\" id=\"h-vous-souhaitez-obtenir-l-autorisation-d-utiliser-des-extraits-de-l-un-de-nos-ouvrages\">Vous souhaitez obtenir l\u2019autorisation d\u2019utiliser des extraits de l\u2019un de nos ouvrages ?<\/h3>\n\n\n\n<p>Vous avez besoin d\u2019une autorisation pour reproduire des extraits de votre propre ouvrage dans une autre publication, de plus d&#8217;informations \u00e0 propos de notre politique d\u2019exploitation des archives et de partage, ou encore d\u2019acc\u00e9der \u00e0 l\u2019une de nos publications dans un autre format ? Nos \u00e9quipes seront ravies de r\u00e9pondre \u00e0 toutes vos questions portant sur les licences : n&#8217;h\u00e9sitez pas \u00e0 prendre contact !<\/p>\n\n\r\n\r\n              <a href=\"https:\/\/www.peterlang.com\/fr\/souhaitez-vous-demander-lautorisation-dutiliser-des-extraits-dun-de-nos-ouvrages\/\" target=\"_blank\" class=\"tam__link\">Soumettre<\/a>\r\n          <\/div>\r\n  <\/div>\r\n<\/section>\n\n\r\n\r\n<section data-loaded class=\"tam tam--rtl tam--bg-active\" data-block=\"appeal\/text-and-image\">\r\n  <div class=\"tam__container\">\r\n    <div class=\"tam__content\">\r\n              <div class=\"tam__image\">\r\n                      <img decoding=\"async\" src=\"https:\/\/www.peterlang.com\/app\/uploads\/2021\/08\/calvin-uy-BvSsW6FZ0vA-unsplash-1.jpg\" alt=\"Man typing on a laptop, sitting at a wooden desk in a large study hall. The room is dimly lit, with wooden shelves full of books along the wall beneath large curved windows.\">\r\n                  <\/div>\r\n          <\/div>\r\n\r\n    <div class=\"tam__block wysiwyg\">\r\n      \n\n<h3 class=\"wp-block-heading\" id=\"h-formulaire-relatif-aux-droits-de-traduction-et-aux-droits-derives\">Formulaire relatif aux droits de traduction et aux droits d\u00e9riv\u00e9s<\/h3>\n\n\n\n<p>Si vous souhaitez acqu\u00e9rir les droits de traduction ou tout autre droit d\u00e9riv\u00e9 d&#8217;un ouvrage publi\u00e9 chez Peter Lang, veuillez remplir le formulaire ci-dessous. Un membre de notre \u00e9quipe prendra directement contact avec vous !<\/p>\n\n\r\n\r\n              <a href=\"https:\/\/www.peterlang.com\/fr\/formulaire-de-droits-etrangers\/\" target=\"_blank\" class=\"tam__link\">Soumettre<\/a>\r\n          <\/div>\r\n  <\/div>\r\n<\/section>\n\n\r\n\r\n<section data-loaded class=\"tam tam--rtl\" data-block=\"appeal\/text-and-image\">\r\n  <div class=\"tam__container\">\r\n    <div class=\"tam__content\">\r\n              <div class=\"tam__image\">\r\n                      <img decoding=\"async\" src=\"https:\/\/www.peterlang.com\/app\/uploads\/2021\/09\/tu-trinh-v1Ef9DpA1to-unsplash.jpg\" alt=\"Headphones on a headphone stand on a desk\">\r\n                  <\/div>\r\n          <\/div>\r\n\r\n    <div class=\"tam__block wysiwyg\">\r\n      \n\n<h3 class=\"wp-block-heading\" id=\"h-format-de-lecture-alternatif\">Format de lecture alternatif<\/h3>\n\n\n\n<p>Si vous \u00eates en situation d&#8217;incapacit\u00e9 de lecture de nos formats imprim\u00e9s, n&#8217;h\u00e9sitez pas \u00e0 demander au responsable comp\u00e9tent de votre universit\u00e9 de prendre directement&nbsp;<a title=\"Envoyez un e-mail pour demander de l'aide avec des formats accessibles de nos produits imprim\u00e9s\" href=\"mailto:permissions@peterlang.com\"><strong>contact avec nous<\/strong>.<\/a><\/p>\n\n\r\n\r\n          <\/div>\r\n  <\/div>\r\n<\/section>\n\n\r\n\r\n<div class=\"appeal-spacer  appeal-spacer--6a9a2e7cc4cae\" aria-hidden=\"true\">\r\n    <style>\r\n        .appeal-spacer--6a9a2e7cc4cae { height: 50px; }<!--\r\n        -->@media (max-width: 1919px) {\r\n            .appeal-spacer--6a9a2e7cc4cae { height: 50px; }\r\n        }<!--\r\n        -->@media (max-width: 1023px) {\r\n            .appeal-spacer--6a9a2e7cc4cae { height: 75px; }\r\n        }<!--\r\n        -->@media (max-width: 599px) {\r\n            .appeal-spacer--6a9a2e7cc4cae { height: 50px; }\r\n        }\r\n    <\/style>\r\n<\/div>\r\n\n\n\n<h2 class=\"wp-block-heading anchor\" id=\"Port\u00e9e-commerciale\"><strong>Port\u00e9e commerciale<\/strong><\/h2>\n\n\n\n<p id=\"marketing-reach\">Notre \u00e9quipe marketing veille \u00e0 ce que votre publication touche des lecteur-ice-s potentiel-le-s et des march\u00e9s cl\u00e9s partout dans le monde ! Cliquez sur les liens ci-dessous pour d\u00e9couvrir comment : <\/p>\n\n\n\n\n<section class=\"tiles-section remove-spacing\">\n\t<div class=\"tiles__container\">\n\t\t\t\t\t<div class=\"tiles \">\n\t\t\t\t\t\t\t\t\t\t\t\t\t\t <a href=\"http:\/\/www.peterlang.com\/our-services\/marketing-press\/#text-and-image\/Catalogue-Marketing\" class=\"tile\">\n\t\t\t\t\t\t\t\t\t\t\t\t\t<h3 class=\"tile__title\">Catalogue marketing<\/h3>\n\t\t\t\t\t\t\t<p class=\"tile__description\"><\/p>\n\t\t\t\t\t\t\t <\/a>\n\t\t\t\t\t\t\t\t\t\t\t\t\t\t\t\t <a href=\"http:\/\/www.peterlang.com\/our-services\/marketing-press\/#text-and-image\/Ventes-mondiales\" class=\"tile\">\n\t\t\t\t\t\t\t\t\t\t\t\t\t<h3 class=\"tile__title\">Ventes mondiales<\/h3>\n\t\t\t\t\t\t\t<p class=\"tile__description\"><\/p>\n\t\t\t\t\t\t\t <\/a>\n\t\t\t\t\t\t\t\t\t\t\t\t\t\t\t\t <a href=\"http:\/\/www.peterlang.com\/our-services\/marketing-press\/#text-and-image\/Publication-\u00e9lectronique\" class=\"tile\">\n\t\t\t\t\t\t\t\t\t\t\t\t\t<h3 class=\"tile__title\">Publication num\u00e9rique<\/h3>\n\t\t\t\t\t\t\t<p class=\"tile__description\"><\/p>\n\t\t\t\t\t\t\t <\/a>\n\t\t\t\t\t\t\t\t\t\t\t\t\t\t\t\t <a href=\"http:\/\/www.peterlang.com\/our-services\/marketing-press\/#text-and-image\/M\u00e9dias-sociaux-et-Blogs\" class=\"tile\">\n\t\t\t\t\t\t\t\t\t\t\t\t\t<h3 class=\"tile__title\">R\u00e9seaux sociaux et blogs<\/h3>\n\t\t\t\t\t\t\t<p class=\"tile__description\"><\/p>\n\t\t\t\t\t\t\t <\/a>\n\t\t\t\t\t\t\t\t\t\t\t\t\t\t\t\t <a href=\"http:\/\/www.peterlang.com\/our-services\/marketing-press\/#text-and-image\/Salons-du-livre-et-conf\u00e9rences\" class=\"tile\">\n\t\t\t\t\t\t\t\t\t\t\t\t\t<h3 class=\"tile__title\">Salons du livre et conf\u00e9rences<\/h3>\n\t\t\t\t\t\t\t<p class=\"tile__description\"><\/p>\n\t\t\t\t\t\t\t <\/a>\n\t\t\t\t\t\t\t\t\t\t\t\t\t\t\t\t <a href=\"http:\/\/www.peterlang.com\/our-services\/marketing-press\/#text-and-image\/Lancement-de-livres\" class=\"tile\">\n\t\t\t\t\t\t\t\t\t\t\t\t\t<h3 class=\"tile__title\">Lancement de livres<\/h3>\n\t\t\t\t\t\t\t<p class=\"tile__description\"><\/p>\n\t\t\t\t\t\t\t <\/a>\n\t\t\t\t\t\t\t\t\t\t\t\t\t\t\t\t <a href=\"http:\/\/www.peterlang.com\/our-services\/marketing-press\/#text-and-image\/Critiques\" class=\"tile\">\n\t\t\t\t\t\t\t\t\t\t\t\t\t<h3 class=\"tile__title\">Critiques<\/h3>\n\t\t\t\t\t\t\t<p class=\"tile__description\"><\/p>\n\t\t\t\t\t\t\t <\/a>\n\t\t\t\t\t\t\t<\/div>\n<\/div>\n<\/section>\n\n\n\r\n\r\n<div class=\"appeal-spacer  appeal-spacer--6a9a2e7cc59d2\" aria-hidden=\"true\">\r\n    <style>\r\n        .appeal-spacer--6a9a2e7cc59d2 { height: 25px; }<!--\r\n        -->@media (max-width: 1919px) {\r\n            .appeal-spacer--6a9a2e7cc59d2 { height: 25px; }\r\n        }<!--\r\n        -->@media (max-width: 1023px) {\r\n            .appeal-spacer--6a9a2e7cc59d2 { height: 50px; }\r\n        }<!--\r\n        -->@media (max-width: 599px) {\r\n            .appeal-spacer--6a9a2e7cc59d2 { height: 35px; }\r\n        }\r\n    <\/style>\r\n<\/div>\r\n\n\n\n\n<a id=\"team\/Editorial-Team\" class=\"block-anchor\"><\/a><section class=\"team__section has-background\" data-block=\"appeal\/team\">\n\t<div class=\"team__container\">\n\t\t<h1 class=\"team__title\">Notre \u00e9quipe \u00e9ditoriale<\/h1>\n\t\t\t\t\t<p class=\"team__intro\">Peter Lang dispose d&#8217;\u00e9quipes \u00e9ditoriales r\u00e9parties dans ses bureaux \u00e0 travers le monde, chacune \u00e9tant sp\u00e9cialis\u00e9e dans une langue et des contenus locaux. Cliquez sur les liens ci-dessous pour en savoir plus sur chaque \u00e9diteur-ice et son domaine sp\u00e9cifique d\u2019acquisition.<\/p>\n\t\t\t\t\t\t\t<div class=\"team-members\">\n\t\t\t\t\t\t\t\t\t\t\t\t\t\t<div class=\"team-member\">\n\t\t\t\t\t\t<div class=\"team-member__image\">\n\t\t\t\t\t\t\t<img decoding=\"async\" src=\"https:\/\/www.peterlang.com\/app\/uploads\/2021\/07\/IMG_3197_2.jpg\" alt=\"\">\n\t\t\t\t\t\t<\/div>\n\t\t\t\t\t\t<div class=\"team-member__text\">\n\t\t\t\t\t\t\t<h3 class=\"team-member__title\">Anja Lee<\/h3>\n\t\t\t\t\t\t\t<h4 class=\"team-member__role\">Senior Acquisitions Editor<\/h4>\n\t\t\t\t\t\t\t<button class=\"team-member__link\">Click here for more info<\/button>\n\t\t\t\t\t\t<\/div>\n\n\t\t\t\t\t\t<div class=\"modal\">\n\t\t\t\t\t\t\t<div class=\"modal__container\">\n\t\t\t\t\t\t\t\t<div class=\"modal__container-inner\">\n\t\t\t\t\t\t\t\t\t<button class=\"modal__close\">\n\t\t\t\t\t\t\t\t\t\t<div class=\"modal__close-inner\"><\/div>\n\t\t\t\t\t\t\t\t\t<\/button>\n\t\t\t\t\t\t\t\t\t<div class=\"modal__image\">\n\t\t\t\t\t\t\t\t\t\t<img decoding=\"async\" src=\"https:\/\/www.peterlang.com\/app\/uploads\/2021\/07\/IMG_3197_2.jpg\" alt=\"\">\n\t\t\t\t\t\t\t\t\t<\/div>\n\t\t\t\t\t\t\t\t\t<div class=\"modal__content\">\n\t\t\t\t\t\t\t\t\t\t<h3 class=\"modal__title\">Anja Lee<\/h3>\n\t\t\t\t\t\t\t\t\t\t<h4 class=\"modal__role\">Senior Acquisitions Editor<\/h4>\n\t\t\t\t\t\t\t\t\t\t<p class=\"modal__description\">Anja Lee est responsable d&#8217;acquisitions senior et se consacre actuellement aux collections d\u00e9di\u00e9es \u00e0 l\u2019histoire, aux sciences politiques et aux sciences sociales chez Peter Lang. Titulaire d\u2019un dipl\u00f4me en gestion d\u2019entreprise, elle a travaill\u00e9 pour une revue sp\u00e9cialis\u00e9e dans le droit des fondations et a occup\u00e9 le poste de responsable des acquisitions pour les collections d\u2019\u00e9conomie et de sciences sociales de divers \u00e9diteurs universitaires avant de rejoindre le bureau de Peter Lang \u00e0 Berlin en 2018.<\/p>\n\n\t\t\t\t\t\t\t\t\t\t<div class=\"share\">\n\t\t\t\t\t\t\t\t\t\t\t<div class=\"share-icons\">\n\t\t\t\t\t\t\t\t\t\t\t\t\t\t\t\t\t\t\t\t\t\t\t\t\t\t\t\t\t\t\t\t\t\t\t\t\t\t\t\t\t\t\t\t\t\t\t\t\t\t\t\t\t\t\t\t\t\t\t\t\t<a href=\"mailto:a.lee@peterlang.com?&#038;subject=Anja Lee : Senior Acquisitions Editor\" target=\"_blank\" class=\"share-icon\">\n\t\t\t\t\t\t\t\t\t\t\t\t\t\t<svg id=\"Group_7\" data-name=\"Group 7\" xmlns=\"http:\/\/www.w3.org\/2000\/svg\" width=\"28\" height=\"19\" viewBox=\"0 0 28 19\">\r\n  <path id=\"Path\" d=\"M26.25,0H1.75A1.609,1.609,0,0,0,0,1.412v.8L14,7,28,2.214v-.8A1.609,1.609,0,0,0,26.25,0Z\" fill=\"#2a2382\"\/>\r\n  <path id=\"Path-2\" data-name=\"Path\" d=\"M14.341,5.941a.846.846,0,0,1-.683,0L0,0V13.2A1.775,1.775,0,0,0,1.75,15h24.5A1.775,1.775,0,0,0,28,13.2V0Z\" transform=\"translate(0 4)\" fill=\"#2a2382\"\/>\r\n<\/svg>\r\n\t\t\t\t\t\t\t\t\t\t\t\t\t<\/a>\n\t\t\t\t\t\t\t\t\t\t\t\t\t\t\t\t\t\t\t\t\t\t\t<\/div>\n\t\t\t\t\t\t\t\t\t\t<\/div>\n\t\t\t\t\t\t\t\t\t<\/div>\n\t\t\t\t\t\t\t\t<\/div>\n\t\t\t\t\t\t\t<\/div>\n\t\t\t\t\t\t<\/div>\n\t\t\t\t\t<\/div>\n\t\t\t\t\t\t\t\t\t\t\t\t\t\t<div class=\"team-member\">\n\t\t\t\t\t\t<div class=\"team-member__image\">\n\t\t\t\t\t\t\t<img decoding=\"async\" src=\"https:\/\/www.peterlang.com\/app\/uploads\/2021\/07\/132.png\" alt=\"\">\n\t\t\t\t\t\t<\/div>\n\t\t\t\t\t\t<div class=\"team-member__text\">\n\t\t\t\t\t\t\t<h3 class=\"team-member__title\">Anthony Mason<\/h3>\n\t\t\t\t\t\t\t<h4 class=\"team-member__role\">Senior Acquisitions Editor (Irlande)<\/h4>\n\t\t\t\t\t\t\t<button class=\"team-member__link\">Click here for more info<\/button>\n\t\t\t\t\t\t<\/div>\n\n\t\t\t\t\t\t<div class=\"modal\">\n\t\t\t\t\t\t\t<div class=\"modal__container\">\n\t\t\t\t\t\t\t\t<div class=\"modal__container-inner\">\n\t\t\t\t\t\t\t\t\t<button class=\"modal__close\">\n\t\t\t\t\t\t\t\t\t\t<div class=\"modal__close-inner\"><\/div>\n\t\t\t\t\t\t\t\t\t<\/button>\n\t\t\t\t\t\t\t\t\t<div class=\"modal__image\">\n\t\t\t\t\t\t\t\t\t\t<img decoding=\"async\" src=\"https:\/\/www.peterlang.com\/app\/uploads\/2021\/07\/132.png\" alt=\"\">\n\t\t\t\t\t\t\t\t\t<\/div>\n\t\t\t\t\t\t\t\t\t<div class=\"modal__content\">\n\t\t\t\t\t\t\t\t\t\t<h3 class=\"modal__title\">Anthony Mason<\/h3>\n\t\t\t\t\t\t\t\t\t\t<h4 class=\"modal__role\">Senior Acquisitions Editor (Irlande)<\/h4>\n\t\t\t\t\t\t\t\t\t\t<p class=\"modal__description\">Anthony Mason travaille dans l&#8217;\u00e9dition depuis le d\u00e9but des ann\u00e9es 1990 et occupe le poste de responsable des acquisitions pour l&#8217;Irlande et le Royaume-Uni au sein de Peter Lang. Il \u00e9dite des ouvrages dans le domaine des \u00e9tudes irlandaises, des sciences de l&#8217;\u00e9ducation et des relations internationales. Avant de rejoindre Peter Lang, il a notamment travaill\u00e9 pour Manchester University Press, Kogan Page et Prentice Hall. Il s&#8217;int\u00e9resse tout particuli\u00e8rement \u00e0 la publication d&#8217;ouvrages sur l&#8217;Irlande et poss\u00e8de une tr\u00e8s vaste exp\u00e9rience dans ce domaine.<\/p>\n\n\t\t\t\t\t\t\t\t\t\t<div class=\"share\">\n\t\t\t\t\t\t\t\t\t\t\t<div class=\"share-icons\">\n\t\t\t\t\t\t\t\t\t\t\t\t\t\t\t\t\t\t\t\t\t\t\t\t\t\t\t\t\t\t\t\t\t\t\t\t\t\t\t\t\t\t\t\t\t\t\t\t\t\t\t\t\t\t\t\t\t\t\t\t\t<a href=\"mailto:a.mason@peterlang.com?&#038;subject=Anthony Mason : Senior Acquisitions Editor (Irlande)\" target=\"_blank\" class=\"share-icon\">\n\t\t\t\t\t\t\t\t\t\t\t\t\t\t<svg id=\"Group_7\" data-name=\"Group 7\" xmlns=\"http:\/\/www.w3.org\/2000\/svg\" width=\"28\" height=\"19\" viewBox=\"0 0 28 19\">\r\n  <path id=\"Path\" d=\"M26.25,0H1.75A1.609,1.609,0,0,0,0,1.412v.8L14,7,28,2.214v-.8A1.609,1.609,0,0,0,26.25,0Z\" fill=\"#2a2382\"\/>\r\n  <path id=\"Path-2\" data-name=\"Path\" d=\"M14.341,5.941a.846.846,0,0,1-.683,0L0,0V13.2A1.775,1.775,0,0,0,1.75,15h24.5A1.775,1.775,0,0,0,28,13.2V0Z\" transform=\"translate(0 4)\" fill=\"#2a2382\"\/>\r\n<\/svg>\r\n\t\t\t\t\t\t\t\t\t\t\t\t\t<\/a>\n\t\t\t\t\t\t\t\t\t\t\t\t\t\t\t\t\t\t\t\t\t\t\t<\/div>\n\t\t\t\t\t\t\t\t\t\t<\/div>\n\t\t\t\t\t\t\t\t\t<\/div>\n\t\t\t\t\t\t\t\t<\/div>\n\t\t\t\t\t\t\t<\/div>\n\t\t\t\t\t\t<\/div>\n\t\t\t\t\t<\/div>\n\t\t\t\t\t\t\t\t\t\t\t\t\t\t<div class=\"team-member\">\n\t\t\t\t\t\t<div class=\"team-member__image\">\n\t\t\t\t\t\t\t<img decoding=\"async\" src=\"https:\/\/www.peterlang.com\/app\/uploads\/2021\/07\/Benjamin-Kloss-2.jpg\" alt=\"\">\n\t\t\t\t\t\t<\/div>\n\t\t\t\t\t\t<div class=\"team-member__text\">\n\t\t\t\t\t\t\t<h3 class=\"team-member__title\">Dr. Benjamin Kloss<\/h3>\n\t\t\t\t\t\t\t<h4 class=\"team-member__role\">Senior Acquisitions Editor (Etudes romanes \/ Etudes Slaves)<\/h4>\n\t\t\t\t\t\t\t<button class=\"team-member__link\">Click here for more info<\/button>\n\t\t\t\t\t\t<\/div>\n\n\t\t\t\t\t\t<div class=\"modal\">\n\t\t\t\t\t\t\t<div class=\"modal__container\">\n\t\t\t\t\t\t\t\t<div class=\"modal__container-inner\">\n\t\t\t\t\t\t\t\t\t<button class=\"modal__close\">\n\t\t\t\t\t\t\t\t\t\t<div class=\"modal__close-inner\"><\/div>\n\t\t\t\t\t\t\t\t\t<\/button>\n\t\t\t\t\t\t\t\t\t<div class=\"modal__image\">\n\t\t\t\t\t\t\t\t\t\t<img decoding=\"async\" src=\"https:\/\/www.peterlang.com\/app\/uploads\/2021\/07\/Benjamin-Kloss-2.jpg\" alt=\"\">\n\t\t\t\t\t\t\t\t\t<\/div>\n\t\t\t\t\t\t\t\t\t<div class=\"modal__content\">\n\t\t\t\t\t\t\t\t\t\t<h3 class=\"modal__title\">Dr. Benjamin Kloss<\/h3>\n\t\t\t\t\t\t\t\t\t\t<h4 class=\"modal__role\">Senior Acquisitions Editor (Etudes romanes \/ Etudes Slaves)<\/h4>\n\t\t\t\t\t\t\t\t\t\t<p class=\"modal__description\">Benjamin Kloss travaille chez Peter Lang depuis 2004. Apr\u00e8s avoir \u00e9tudi\u00e9 la langue et la litt\u00e9rature hispaniques, la langue et la litt\u00e9rature anglaises ainsi que la psychologie \u00e0 l&#8217;Universit\u00e9 libre de Berlin et \u00e0 l&#8217;Universit\u00e9 de Salamanque, il a occup\u00e9 un poste de chercheur \u00e0 l&#8217;Universit\u00e9 libre de Berlin de 1999 \u00e0 2004, o\u00f9 il a obtenu un doctorat en \u00e9tudes romanes. En tant que responsable des acquisitions chez Peter Lang, il est charg\u00e9 des \u00c9tudes romanes et slaves.<\/p>\n\n\t\t\t\t\t\t\t\t\t\t<div class=\"share\">\n\t\t\t\t\t\t\t\t\t\t\t<div class=\"share-icons\">\n\t\t\t\t\t\t\t\t\t\t\t\t\t\t\t\t\t\t\t\t\t\t\t\t\t\t\t\t\t\t\t\t\t\t\t\t\t\t\t\t\t\t\t\t\t\t\t\t\t\t\t\t\t\t\t\t\t\t\t\t\t<a href=\"mailto:b.kloss@peterlang.com?&#038;subject=Dr. Benjamin Kloss : Senior Acquisitions Editor (Etudes romanes \/ Etudes Slaves)\" target=\"_blank\" class=\"share-icon\">\n\t\t\t\t\t\t\t\t\t\t\t\t\t\t<svg id=\"Group_7\" data-name=\"Group 7\" xmlns=\"http:\/\/www.w3.org\/2000\/svg\" width=\"28\" height=\"19\" viewBox=\"0 0 28 19\">\r\n  <path id=\"Path\" d=\"M26.25,0H1.75A1.609,1.609,0,0,0,0,1.412v.8L14,7,28,2.214v-.8A1.609,1.609,0,0,0,26.25,0Z\" fill=\"#2a2382\"\/>\r\n  <path id=\"Path-2\" data-name=\"Path\" d=\"M14.341,5.941a.846.846,0,0,1-.683,0L0,0V13.2A1.775,1.775,0,0,0,1.75,15h24.5A1.775,1.775,0,0,0,28,13.2V0Z\" transform=\"translate(0 4)\" fill=\"#2a2382\"\/>\r\n<\/svg>\r\n\t\t\t\t\t\t\t\t\t\t\t\t\t<\/a>\n\t\t\t\t\t\t\t\t\t\t\t\t\t\t\t\t\t\t\t\t\t\t\t<\/div>\n\t\t\t\t\t\t\t\t\t\t<\/div>\n\t\t\t\t\t\t\t\t\t<\/div>\n\t\t\t\t\t\t\t\t<\/div>\n\t\t\t\t\t\t\t<\/div>\n\t\t\t\t\t\t<\/div>\n\t\t\t\t\t<\/div>\n\t\t\t\t\t\t\t\t\t\t\t\t\t\t<div class=\"team-member\">\n\t\t\t\t\t\t<div class=\"team-member__image\">\n\t\t\t\t\t\t\t<img decoding=\"async\" src=\"https:\/\/www.peterlang.com\/app\/uploads\/2021\/07\/Esra-Bahsi-2.jpg\" alt=\"\">\n\t\t\t\t\t\t<\/div>\n\t\t\t\t\t\t<div class=\"team-member__text\">\n\t\t\t\t\t\t\t<h3 class=\"team-member__title\">Esra Bah\u015fi<\/h3>\n\t\t\t\t\t\t\t<h4 class=\"team-member__role\">Senior Acquisitions Editor<\/h4>\n\t\t\t\t\t\t\t<button class=\"team-member__link\">Click here for more info<\/button>\n\t\t\t\t\t\t<\/div>\n\n\t\t\t\t\t\t<div class=\"modal\">\n\t\t\t\t\t\t\t<div class=\"modal__container\">\n\t\t\t\t\t\t\t\t<div class=\"modal__container-inner\">\n\t\t\t\t\t\t\t\t\t<button class=\"modal__close\">\n\t\t\t\t\t\t\t\t\t\t<div class=\"modal__close-inner\"><\/div>\n\t\t\t\t\t\t\t\t\t<\/button>\n\t\t\t\t\t\t\t\t\t<div class=\"modal__image\">\n\t\t\t\t\t\t\t\t\t\t<img decoding=\"async\" src=\"https:\/\/www.peterlang.com\/app\/uploads\/2021\/07\/Esra-Bahsi-2.jpg\" alt=\"\">\n\t\t\t\t\t\t\t\t\t<\/div>\n\t\t\t\t\t\t\t\t\t<div class=\"modal__content\">\n\t\t\t\t\t\t\t\t\t\t<h3 class=\"modal__title\">Esra Bah\u015fi<\/h3>\n\t\t\t\t\t\t\t\t\t\t<h4 class=\"modal__role\">Senior Acquisitions Editor<\/h4>\n\t\t\t\t\t\t\t\t\t\t<p class=\"modal__description\">Esra Bah\u015fi est titulaire d&#8217;un dipl\u00f4me en langue et litt\u00e9rature allemandes obtenu aux universit\u00e9s Hacettepe d&#8217;Ankara et Ege d&#8217;Izmir, ainsi que d&#8217;un double Master en \u00e9tudes europ\u00e9ennes et relations internationales de l&#8217;universit\u00e9 Bilgi d&#8217;Istanbul et de l&#8217;universit\u00e9 europ\u00e9enne Viadrina. Elle est responsable de la publication des auteur-ice-s turc-que-s chez Peter Lang depuis 2014.<\/p>\n\n\t\t\t\t\t\t\t\t\t\t<div class=\"share\">\n\t\t\t\t\t\t\t\t\t\t\t<div class=\"share-icons\">\n\t\t\t\t\t\t\t\t\t\t\t\t\t\t\t\t\t\t\t\t\t\t\t\t\t\t\t\t\t\t\t\t\t\t\t\t\t\t\t\t\t\t\t\t\t\t\t\t\t\t\t\t\t\t\t\t\t\t\t\t\t<a href=\"mailto:e.bahsi@peterlang.com?&#038;subject=Esra Bah\u015fi : Senior Acquisitions Editor\" target=\"_blank\" class=\"share-icon\">\n\t\t\t\t\t\t\t\t\t\t\t\t\t\t<svg id=\"Group_7\" data-name=\"Group 7\" xmlns=\"http:\/\/www.w3.org\/2000\/svg\" width=\"28\" height=\"19\" viewBox=\"0 0 28 19\">\r\n  <path id=\"Path\" d=\"M26.25,0H1.75A1.609,1.609,0,0,0,0,1.412v.8L14,7,28,2.214v-.8A1.609,1.609,0,0,0,26.25,0Z\" fill=\"#2a2382\"\/>\r\n  <path id=\"Path-2\" data-name=\"Path\" d=\"M14.341,5.941a.846.846,0,0,1-.683,0L0,0V13.2A1.775,1.775,0,0,0,1.75,15h24.5A1.775,1.775,0,0,0,28,13.2V0Z\" transform=\"translate(0 4)\" fill=\"#2a2382\"\/>\r\n<\/svg>\r\n\t\t\t\t\t\t\t\t\t\t\t\t\t<\/a>\n\t\t\t\t\t\t\t\t\t\t\t\t\t\t\t\t\t\t\t\t\t\t\t<\/div>\n\t\t\t\t\t\t\t\t\t\t<\/div>\n\t\t\t\t\t\t\t\t\t<\/div>\n\t\t\t\t\t\t\t\t<\/div>\n\t\t\t\t\t\t\t<\/div>\n\t\t\t\t\t\t<\/div>\n\t\t\t\t\t<\/div>\n\t\t\t\t\t\t\t\t\t\t\t\t\t\t<div class=\"team-member\">\n\t\t\t\t\t\t<div class=\"team-member__image\">\n\t\t\t\t\t\t\t<img decoding=\"async\" src=\"https:\/\/www.peterlang.com\/app\/uploads\/2021\/07\/de_seta.jpg\" alt=\"\">\n\t\t\t\t\t\t<\/div>\n\t\t\t\t\t\t<div class=\"team-member__text\">\n\t\t\t\t\t\t\t<h3 class=\"team-member__title\">Dr. Ilaria de Seta<\/h3>\n\t\t\t\t\t\t\t<h4 class=\"team-member__role\">Acquisitions Editor<\/h4>\n\t\t\t\t\t\t\t<button class=\"team-member__link\">Click here for more info<\/button>\n\t\t\t\t\t\t<\/div>\n\n\t\t\t\t\t\t<div class=\"modal\">\n\t\t\t\t\t\t\t<div class=\"modal__container\">\n\t\t\t\t\t\t\t\t<div class=\"modal__container-inner\">\n\t\t\t\t\t\t\t\t\t<button class=\"modal__close\">\n\t\t\t\t\t\t\t\t\t\t<div class=\"modal__close-inner\"><\/div>\n\t\t\t\t\t\t\t\t\t<\/button>\n\t\t\t\t\t\t\t\t\t<div class=\"modal__image\">\n\t\t\t\t\t\t\t\t\t\t<img decoding=\"async\" src=\"https:\/\/www.peterlang.com\/app\/uploads\/2021\/07\/de_seta.jpg\" alt=\"\">\n\t\t\t\t\t\t\t\t\t<\/div>\n\t\t\t\t\t\t\t\t\t<div class=\"modal__content\">\n\t\t\t\t\t\t\t\t\t\t<h3 class=\"modal__title\">Dr. Ilaria de Seta<\/h3>\n\t\t\t\t\t\t\t\t\t\t<h4 class=\"modal__role\">Acquisitions Editor<\/h4>\n\t\t\t\t\t\t\t\t\t\t<p class=\"modal__description\">Ilaria de Seta est titulaire d&#8217;un Master en \u00e9tudes italiennes de l&#8217;University College Cork et d&#8217;un doctorat en philologie moderne de l&#8217;Universit\u00e0 di Napoli Federico II. Elle a \u00e9t\u00e9 engag\u00e9e par l&#8217;Universit\u00e9 de Li\u00e8ge jusqu&#8217;en 2018 et occupe actuellement le poste de chercheuse associ\u00e9e \u00e0 la KU Leuven. Elle a rejoint le bureau de Peter Lang \u00e0 Bruxelles en mars 2021 en tant que r\u00e9dactrice ind\u00e9pendante. Polyglotte, ses domaines de sp\u00e9cialit\u00e9 sont les langues et litt\u00e9ratures romanes, l&#8217;histoire contemporaine et la philosophie. Elle est \u00e9galement r\u00e9dactrice de r\u00e9f\u00e9rence pour tous les projets en italien.<\/p>\n\n\t\t\t\t\t\t\t\t\t\t<div class=\"share\">\n\t\t\t\t\t\t\t\t\t\t\t<div class=\"share-icons\">\n\t\t\t\t\t\t\t\t\t\t\t\t\t\t\t\t\t\t\t\t\t\t\t\t\t\t\t\t\t\t\t\t\t\t\t\t\t\t\t\t\t\t\t\t\t\t\t\t\t\t\t\t\t\t\t\t\t\t\t\t\t<a href=\"mailto:i.deseta@peterlang.com?&#038;subject=Dr. Ilaria de Seta : Acquisitions Editor\" target=\"_blank\" class=\"share-icon\">\n\t\t\t\t\t\t\t\t\t\t\t\t\t\t<svg id=\"Group_7\" data-name=\"Group 7\" xmlns=\"http:\/\/www.w3.org\/2000\/svg\" width=\"28\" height=\"19\" viewBox=\"0 0 28 19\">\r\n  <path id=\"Path\" d=\"M26.25,0H1.75A1.609,1.609,0,0,0,0,1.412v.8L14,7,28,2.214v-.8A1.609,1.609,0,0,0,26.25,0Z\" fill=\"#2a2382\"\/>\r\n  <path id=\"Path-2\" data-name=\"Path\" d=\"M14.341,5.941a.846.846,0,0,1-.683,0L0,0V13.2A1.775,1.775,0,0,0,1.75,15h24.5A1.775,1.775,0,0,0,28,13.2V0Z\" transform=\"translate(0 4)\" fill=\"#2a2382\"\/>\r\n<\/svg>\r\n\t\t\t\t\t\t\t\t\t\t\t\t\t<\/a>\n\t\t\t\t\t\t\t\t\t\t\t\t\t\t\t\t\t\t\t\t\t\t\t<\/div>\n\t\t\t\t\t\t\t\t\t\t<\/div>\n\t\t\t\t\t\t\t\t\t<\/div>\n\t\t\t\t\t\t\t\t<\/div>\n\t\t\t\t\t\t\t<\/div>\n\t\t\t\t\t\t<\/div>\n\t\t\t\t\t<\/div>\n\t\t\t\t\t\t\t\t\t\t\t\t\t\t<div class=\"team-member\">\n\t\t\t\t\t\t<div class=\"team-member__image\">\n\t\t\t\t\t\t\t<img decoding=\"async\" src=\"https:\/\/www.peterlang.com\/app\/uploads\/2021\/07\/Kurt-Wallat-2.jpg\" alt=\"\">\n\t\t\t\t\t\t<\/div>\n\t\t\t\t\t\t<div class=\"team-member__text\">\n\t\t\t\t\t\t\t<h3 class=\"team-member__title\">Dr. Kurt Wallat<\/h3>\n\t\t\t\t\t\t\t<h4 class=\"team-member__role\">Senior Acquisitions Editor (Droit \/ Economie)<\/h4>\n\t\t\t\t\t\t\t<button class=\"team-member__link\">Click here for more info<\/button>\n\t\t\t\t\t\t<\/div>\n\n\t\t\t\t\t\t<div class=\"modal\">\n\t\t\t\t\t\t\t<div class=\"modal__container\">\n\t\t\t\t\t\t\t\t<div class=\"modal__container-inner\">\n\t\t\t\t\t\t\t\t\t<button class=\"modal__close\">\n\t\t\t\t\t\t\t\t\t\t<div class=\"modal__close-inner\"><\/div>\n\t\t\t\t\t\t\t\t\t<\/button>\n\t\t\t\t\t\t\t\t\t<div class=\"modal__image\">\n\t\t\t\t\t\t\t\t\t\t<img decoding=\"async\" src=\"https:\/\/www.peterlang.com\/app\/uploads\/2021\/07\/Kurt-Wallat-2.jpg\" alt=\"\">\n\t\t\t\t\t\t\t\t\t<\/div>\n\t\t\t\t\t\t\t\t\t<div class=\"modal__content\">\n\t\t\t\t\t\t\t\t\t\t<h3 class=\"modal__title\">Dr. Kurt Wallat<\/h3>\n\t\t\t\t\t\t\t\t\t\t<h4 class=\"modal__role\">Senior Acquisitions Editor (Droit \/ Economie)<\/h4>\n\t\t\t\t\t\t\t\t\t\t<p class=\"modal__description\">Kurt Wallat est titulaire d&#8217;un doctorat en sciences humaines. Apr\u00e8s avoir \u00e9tudi\u00e9 \u00e0 Mayence et \u00e0 Fribourg, puis occup\u00e9 un poste \u00e0 l&#8217;universit\u00e9 de Fribourg, il a rejoint Peter Lang en 1996. En tant que responsable des acquisitions, il est principalement charg\u00e9 des publications et des collections consacr\u00e9es au droit et \u00e0 l&#8217;\u00e9conomie.<\/p>\n\n\t\t\t\t\t\t\t\t\t\t<div class=\"share\">\n\t\t\t\t\t\t\t\t\t\t\t<div class=\"share-icons\">\n\t\t\t\t\t\t\t\t\t\t\t\t\t\t\t\t\t\t\t\t\t\t\t\t\t\t\t\t\t\t\t\t\t\t\t\t\t\t\t\t\t\t\t\t\t\t\t\t\t\t\t\t\t\t\t\t\t\t\t\t\t<a href=\"mailto:k.wallat@peterlang.com?&#038;subject=Dr. Kurt Wallat : Senior Acquisitions Editor (Droit \/ Economie)\" target=\"_blank\" class=\"share-icon\">\n\t\t\t\t\t\t\t\t\t\t\t\t\t\t<svg id=\"Group_7\" data-name=\"Group 7\" xmlns=\"http:\/\/www.w3.org\/2000\/svg\" width=\"28\" height=\"19\" viewBox=\"0 0 28 19\">\r\n  <path id=\"Path\" d=\"M26.25,0H1.75A1.609,1.609,0,0,0,0,1.412v.8L14,7,28,2.214v-.8A1.609,1.609,0,0,0,26.25,0Z\" fill=\"#2a2382\"\/>\r\n  <path id=\"Path-2\" data-name=\"Path\" d=\"M14.341,5.941a.846.846,0,0,1-.683,0L0,0V13.2A1.775,1.775,0,0,0,1.75,15h24.5A1.775,1.775,0,0,0,28,13.2V0Z\" transform=\"translate(0 4)\" fill=\"#2a2382\"\/>\r\n<\/svg>\r\n\t\t\t\t\t\t\t\t\t\t\t\t\t<\/a>\n\t\t\t\t\t\t\t\t\t\t\t\t\t\t\t\t\t\t\t\t\t\t\t<\/div>\n\t\t\t\t\t\t\t\t\t\t<\/div>\n\t\t\t\t\t\t\t\t\t<\/div>\n\t\t\t\t\t\t\t\t<\/div>\n\t\t\t\t\t\t\t<\/div>\n\t\t\t\t\t\t<\/div>\n\t\t\t\t\t<\/div>\n\t\t\t\t\t\t\t\t\t\t\t\t\t\t<div class=\"team-member\">\n\t\t\t\t\t\t<div class=\"team-member__image\">\n\t\t\t\t\t\t\t<img decoding=\"async\" src=\"https:\/\/www.peterlang.com\/app\/uploads\/2021\/07\/Laurel-Plapp-final.jpg\" alt=\"\">\n\t\t\t\t\t\t<\/div>\n\t\t\t\t\t\t<div class=\"team-member__text\">\n\t\t\t\t\t\t\t<h3 class=\"team-member__title\">Dr. Laurel Plapp<\/h3>\n\t\t\t\t\t\t\t<h4 class=\"team-member__role\">Senior Acquisitions Editor<\/h4>\n\t\t\t\t\t\t\t<button class=\"team-member__link\">Click here for more info<\/button>\n\t\t\t\t\t\t<\/div>\n\n\t\t\t\t\t\t<div class=\"modal\">\n\t\t\t\t\t\t\t<div class=\"modal__container\">\n\t\t\t\t\t\t\t\t<div class=\"modal__container-inner\">\n\t\t\t\t\t\t\t\t\t<button class=\"modal__close\">\n\t\t\t\t\t\t\t\t\t\t<div class=\"modal__close-inner\"><\/div>\n\t\t\t\t\t\t\t\t\t<\/button>\n\t\t\t\t\t\t\t\t\t<div class=\"modal__image\">\n\t\t\t\t\t\t\t\t\t\t<img decoding=\"async\" src=\"https:\/\/www.peterlang.com\/app\/uploads\/2021\/07\/Laurel-Plapp-final.jpg\" alt=\"\">\n\t\t\t\t\t\t\t\t\t<\/div>\n\t\t\t\t\t\t\t\t\t<div class=\"modal__content\">\n\t\t\t\t\t\t\t\t\t\t<h3 class=\"modal__title\">Dr. Laurel Plapp<\/h3>\n\t\t\t\t\t\t\t\t\t\t<h4 class=\"modal__role\">Senior Acquisitions Editor<\/h4>\n\t\t\t\t\t\t\t\t\t\t<p class=\"modal__description\">Laurel Plapp est r\u00e9dactrice en chef charg\u00e9e des acquisitions pour la collection \u00ab Langue, litt\u00e9rature et culture \u00bb. Elle a d\u00e9but\u00e9 sa carri\u00e8re dans l\u2019\u00e9dition en 1995 et a rejoint Peter Lang en 2010. Titulaire d\u2019un doctorat en litt\u00e9rature, avec une sp\u00e9cialisation en fran\u00e7ais et en allemand, ses principaux domaines de sp\u00e9cialisation sont les langues et litt\u00e9ratures modernes, les \u00e9tudes culturelles et la culture visuelle. Elle s&#8217;occupe principalement des collections sp\u00e9cialis\u00e9es dans les \u00e9tudes sur la m\u00e9moire, la litt\u00e9rature f\u00e9minine, la litt\u00e9rature compar\u00e9e, les \u00e9tudes cin\u00e9matographiques, l\u2019histoire de l\u2019art, la traductologie, les \u00e9tudes critiques sur la race, les sciences humaines m\u00e9dicales et les \u00e9tudes sur le handicap.<\/p>\n\n\t\t\t\t\t\t\t\t\t\t<div class=\"share\">\n\t\t\t\t\t\t\t\t\t\t\t<div class=\"share-icons\">\n\t\t\t\t\t\t\t\t\t\t\t\t\t\t\t\t\t\t\t\t\t\t\t\t\t\t\t\t\t\t\t\t\t\t\t\t\t\t\t\t\t\t\t\t\t\t\t\t\t\t\t\t\t\t\t\t\t\t\t\t\t<a href=\"mailto:l.plapp@peterlang.com?&#038;subject=Dr. Laurel Plapp : Senior Acquisitions Editor\" target=\"_blank\" class=\"share-icon\">\n\t\t\t\t\t\t\t\t\t\t\t\t\t\t<svg id=\"Group_7\" data-name=\"Group 7\" xmlns=\"http:\/\/www.w3.org\/2000\/svg\" width=\"28\" height=\"19\" viewBox=\"0 0 28 19\">\r\n  <path id=\"Path\" d=\"M26.25,0H1.75A1.609,1.609,0,0,0,0,1.412v.8L14,7,28,2.214v-.8A1.609,1.609,0,0,0,26.25,0Z\" fill=\"#2a2382\"\/>\r\n  <path id=\"Path-2\" data-name=\"Path\" d=\"M14.341,5.941a.846.846,0,0,1-.683,0L0,0V13.2A1.775,1.775,0,0,0,1.75,15h24.5A1.775,1.775,0,0,0,28,13.2V0Z\" transform=\"translate(0 4)\" fill=\"#2a2382\"\/>\r\n<\/svg>\r\n\t\t\t\t\t\t\t\t\t\t\t\t\t<\/a>\n\t\t\t\t\t\t\t\t\t\t\t\t\t\t\t\t\t\t\t\t\t\t\t<\/div>\n\t\t\t\t\t\t\t\t\t\t<\/div>\n\t\t\t\t\t\t\t\t\t<\/div>\n\t\t\t\t\t\t\t\t<\/div>\n\t\t\t\t\t\t\t<\/div>\n\t\t\t\t\t\t<\/div>\n\t\t\t\t\t<\/div>\n\t\t\t\t\t\t\t\t\t\t\t\t\t\t<div class=\"team-member\">\n\t\t\t\t\t\t<div class=\"team-member__image\">\n\t\t\t\t\t\t\t<img decoding=\"async\" src=\"https:\/\/www.peterlang.com\/app\/uploads\/2021\/07\/Lukasz-Galecki-2.jpg\" alt=\"\">\n\t\t\t\t\t\t<\/div>\n\t\t\t\t\t\t<div class=\"team-member__text\">\n\t\t\t\t\t\t\t<h3 class=\"team-member__title\">\u0141ukasz Ga\u0142ecki<\/h3>\n\t\t\t\t\t\t\t<h4 class=\"team-member__role\">Senior Acquisitions Editor<\/h4>\n\t\t\t\t\t\t\t<button class=\"team-member__link\">Click here for more info<\/button>\n\t\t\t\t\t\t<\/div>\n\n\t\t\t\t\t\t<div class=\"modal\">\n\t\t\t\t\t\t\t<div class=\"modal__container\">\n\t\t\t\t\t\t\t\t<div class=\"modal__container-inner\">\n\t\t\t\t\t\t\t\t\t<button class=\"modal__close\">\n\t\t\t\t\t\t\t\t\t\t<div class=\"modal__close-inner\"><\/div>\n\t\t\t\t\t\t\t\t\t<\/button>\n\t\t\t\t\t\t\t\t\t<div class=\"modal__image\">\n\t\t\t\t\t\t\t\t\t\t<img decoding=\"async\" src=\"https:\/\/www.peterlang.com\/app\/uploads\/2021\/07\/Lukasz-Galecki-2.jpg\" alt=\"\">\n\t\t\t\t\t\t\t\t\t<\/div>\n\t\t\t\t\t\t\t\t\t<div class=\"modal__content\">\n\t\t\t\t\t\t\t\t\t\t<h3 class=\"modal__title\">\u0141ukasz Ga\u0142ecki<\/h3>\n\t\t\t\t\t\t\t\t\t\t<h4 class=\"modal__role\">Senior Acquisitions Editor<\/h4>\n\t\t\t\t\t\t\t\t\t\t<p class=\"modal__description\">Le parcours universitaire de \u0141ukasz Ga\u0142ecki s&#8217;articule autour de la philosophie, des arts de la sc\u00e8ne et de la litt\u00e9rature. Apr\u00e8s avoir occup\u00e9 le poste de directeur \u00e0 l&#8217;Institut polonais de Leipzig et effectu\u00e9 des s\u00e9jours \u00e0 Berlin, Leipzig et Bonn dans le cadre de bourses d&#8217;\u00e9tudes, il a rejoint Peter Lang en 2010 et occupe actuellement le poste de responsable des acquisitions pour les ouvrages d&#8217;auteur-ice-s polonais-e-s.<\/p>\n\n\t\t\t\t\t\t\t\t\t\t<div class=\"share\">\n\t\t\t\t\t\t\t\t\t\t\t<div class=\"share-icons\">\n\t\t\t\t\t\t\t\t\t\t\t\t\t\t\t\t\t\t\t\t\t\t\t\t\t\t\t\t\t\t\t\t\t\t\t\t\t\t\t\t\t\t\t\t\t\t\t\t\t\t\t\t\t\t\t\t\t\t\t\t\t<a href=\"mailto:l.galecki@peterlang.com?&#038;subject=\u0141ukasz Ga\u0142ecki : Senior Acquisitions Editor\" target=\"_blank\" class=\"share-icon\">\n\t\t\t\t\t\t\t\t\t\t\t\t\t\t<svg id=\"Group_7\" data-name=\"Group 7\" xmlns=\"http:\/\/www.w3.org\/2000\/svg\" width=\"28\" height=\"19\" viewBox=\"0 0 28 19\">\r\n  <path id=\"Path\" d=\"M26.25,0H1.75A1.609,1.609,0,0,0,0,1.412v.8L14,7,28,2.214v-.8A1.609,1.609,0,0,0,26.25,0Z\" fill=\"#2a2382\"\/>\r\n  <path id=\"Path-2\" data-name=\"Path\" d=\"M14.341,5.941a.846.846,0,0,1-.683,0L0,0V13.2A1.775,1.775,0,0,0,1.75,15h24.5A1.775,1.775,0,0,0,28,13.2V0Z\" transform=\"translate(0 4)\" fill=\"#2a2382\"\/>\r\n<\/svg>\r\n\t\t\t\t\t\t\t\t\t\t\t\t\t<\/a>\n\t\t\t\t\t\t\t\t\t\t\t\t\t\t\t\t\t\t\t\t\t\t\t<\/div>\n\t\t\t\t\t\t\t\t\t\t<\/div>\n\t\t\t\t\t\t\t\t\t<\/div>\n\t\t\t\t\t\t\t\t<\/div>\n\t\t\t\t\t\t\t<\/div>\n\t\t\t\t\t\t<\/div>\n\t\t\t\t\t<\/div>\n\t\t\t\t\t\t\t\t\t\t\t\t\t\t<div class=\"team-member\">\n\t\t\t\t\t\t<div class=\"team-member__image\">\n\t\t\t\t\t\t\t<img decoding=\"async\" src=\"https:\/\/www.peterlang.com\/app\/uploads\/2021\/07\/Michael-Ruecker-2.jpg\" alt=\"\">\n\t\t\t\t\t\t<\/div>\n\t\t\t\t\t\t<div class=\"team-member__text\">\n\t\t\t\t\t\t\t<h3 class=\"team-member__title\">Michael R\u00fccker<\/h3>\n\t\t\t\t\t\t\t<h4 class=\"team-member__role\">Senior Acquisitions Editor (Linguistique \/ Etudes germaniques \/ Etudes anglaises)<\/h4>\n\t\t\t\t\t\t\t<button class=\"team-member__link\">Click here for more info<\/button>\n\t\t\t\t\t\t<\/div>\n\n\t\t\t\t\t\t<div class=\"modal\">\n\t\t\t\t\t\t\t<div class=\"modal__container\">\n\t\t\t\t\t\t\t\t<div class=\"modal__container-inner\">\n\t\t\t\t\t\t\t\t\t<button class=\"modal__close\">\n\t\t\t\t\t\t\t\t\t\t<div class=\"modal__close-inner\"><\/div>\n\t\t\t\t\t\t\t\t\t<\/button>\n\t\t\t\t\t\t\t\t\t<div class=\"modal__image\">\n\t\t\t\t\t\t\t\t\t\t<img decoding=\"async\" src=\"https:\/\/www.peterlang.com\/app\/uploads\/2021\/07\/Michael-Ruecker-2.jpg\" alt=\"\">\n\t\t\t\t\t\t\t\t\t<\/div>\n\t\t\t\t\t\t\t\t\t<div class=\"modal__content\">\n\t\t\t\t\t\t\t\t\t\t<h3 class=\"modal__title\">Michael R\u00fccker<\/h3>\n\t\t\t\t\t\t\t\t\t\t<h4 class=\"modal__role\">Senior Acquisitions Editor (Linguistique \/ Etudes germaniques \/ Etudes anglaises)<\/h4>\n\t\t\t\t\t\t\t\t\t\t<p class=\"modal__description\">Titulaire d&#8217;un dipl\u00f4me en langues et litt\u00e9ratures romanes et anglaises ainsi qu&#8217;en \u00e9conomie, Michael R\u00fccker a poursuivi ses \u00e9tudes entre Hambourg et Toulouse. Il travaille chez Peter Lang depuis 1992. Avant cela, il a travaill\u00e9 \u00e0 Mod\u00e8ne et enseign\u00e9 l&#8217;allemand \u00e0 Trieste. <\/p>\n\n\t\t\t\t\t\t\t\t\t\t<div class=\"share\">\n\t\t\t\t\t\t\t\t\t\t\t<div class=\"share-icons\">\n\t\t\t\t\t\t\t\t\t\t\t\t\t\t\t\t\t\t\t\t\t\t\t\t\t\t\t\t\t\t\t\t\t\t\t\t\t\t\t\t\t\t\t\t\t\t\t\t\t\t\t\t\t\t\t\t\t\t\t\t\t<a href=\"mailto:m.ruecker@peterlang.com?&#038;subject=Michael R\u00fccker : Senior Acquisitions Editor (Linguistique \/ Etudes germaniques \/ Etudes anglaises)\" target=\"_blank\" class=\"share-icon\">\n\t\t\t\t\t\t\t\t\t\t\t\t\t\t<svg id=\"Group_7\" data-name=\"Group 7\" xmlns=\"http:\/\/www.w3.org\/2000\/svg\" width=\"28\" height=\"19\" viewBox=\"0 0 28 19\">\r\n  <path id=\"Path\" d=\"M26.25,0H1.75A1.609,1.609,0,0,0,0,1.412v.8L14,7,28,2.214v-.8A1.609,1.609,0,0,0,26.25,0Z\" fill=\"#2a2382\"\/>\r\n  <path id=\"Path-2\" data-name=\"Path\" d=\"M14.341,5.941a.846.846,0,0,1-.683,0L0,0V13.2A1.775,1.775,0,0,0,1.75,15h24.5A1.775,1.775,0,0,0,28,13.2V0Z\" transform=\"translate(0 4)\" fill=\"#2a2382\"\/>\r\n<\/svg>\r\n\t\t\t\t\t\t\t\t\t\t\t\t\t<\/a>\n\t\t\t\t\t\t\t\t\t\t\t\t\t\t\t\t\t\t\t\t\t\t\t<\/div>\n\t\t\t\t\t\t\t\t\t\t<\/div>\n\t\t\t\t\t\t\t\t\t<\/div>\n\t\t\t\t\t\t\t\t<\/div>\n\t\t\t\t\t\t\t<\/div>\n\t\t\t\t\t\t<\/div>\n\t\t\t\t\t<\/div>\n\t\t\t\t\t\t\t\t\t\t\t\t\t\t<div class=\"team-member\">\n\t\t\t\t\t\t<div class=\"team-member__image\">\n\t\t\t\t\t\t\t<img decoding=\"async\" src=\"https:\/\/www.peterlang.com\/app\/uploads\/2021\/07\/lina20182.jpg\" alt=\"\">\n\t\t\t\t\t\t<\/div>\n\t\t\t\t\t\t<div class=\"team-member__text\">\n\t\t\t\t\t\t\t<h3 class=\"team-member__title\">Na Li<\/h3>\n\t\t\t\t\t\t\t<h4 class=\"team-member__role\">Acquisitions Editor (Asie &#038; Moyen-Orient)<\/h4>\n\t\t\t\t\t\t\t<button class=\"team-member__link\">Click here for more info<\/button>\n\t\t\t\t\t\t<\/div>\n\n\t\t\t\t\t\t<div class=\"modal\">\n\t\t\t\t\t\t\t<div class=\"modal__container\">\n\t\t\t\t\t\t\t\t<div class=\"modal__container-inner\">\n\t\t\t\t\t\t\t\t\t<button class=\"modal__close\">\n\t\t\t\t\t\t\t\t\t\t<div class=\"modal__close-inner\"><\/div>\n\t\t\t\t\t\t\t\t\t<\/button>\n\t\t\t\t\t\t\t\t\t<div class=\"modal__image\">\n\t\t\t\t\t\t\t\t\t\t<img decoding=\"async\" src=\"https:\/\/www.peterlang.com\/app\/uploads\/2021\/07\/lina20182.jpg\" alt=\"\">\n\t\t\t\t\t\t\t\t\t<\/div>\n\t\t\t\t\t\t\t\t\t<div class=\"modal__content\">\n\t\t\t\t\t\t\t\t\t\t<h3 class=\"modal__title\">Na Li<\/h3>\n\t\t\t\t\t\t\t\t\t\t<h4 class=\"modal__role\">Acquisitions Editor (Asie &#038; Moyen-Orient)<\/h4>\n\t\t\t\t\t\t\t\t\t\t<p class=\"modal__description\">Na Li d\u00e9veloppe le programme \u00e9ditorial de Peter Lang consacr\u00e9 \u00e0 l\u2019Asie et au Moyen-Orient (y compris l\u2019Afrique du Nord), qui pr\u00e9sente un large \u00e9ventail d\u2019ouvrages scientifiques sur ces r\u00e9gions, de l\u2019\u00e9poque pr\u00e9moderne \u00e0 l\u2019\u00e9poque contemporaine. L&#8217;objectif du programme est \u00e9galement de mettre en avant des travaux de recherche innovants dans le domaine des sciences humaines et sociales r\u00e9alis\u00e9s par des auteur-ice-s originaires des pays de ces r\u00e9gions. Na Li a d\u00e9but\u00e9 sa carri\u00e8re dans l\u2019\u00e9dition universitaire \u00e0 l\u2019issue de ses \u00e9tudes en litt\u00e9rature compar\u00e9e et en \u00e9tudes asiatiques. Parall\u00e8lement \u00e0 son poste de responsable \u00e9ditoriale, elle pr\u00e9pare un doctorat en \u00e9tudes chinoises, avec une sp\u00e9cialisation en histoire et culture religieuse chinoises. Elle accueille volontiers les propositions d\u2019ouvrages et de collections sur tous les th\u00e8mes li\u00e9s \u00e0 l\u2019Asie et au Moyen-Orient (y compris l\u2019Afrique du Nord), qu\u2019elles portent sur un pays ou une culture sp\u00e9cifiques, ou qu\u2019elles adoptent une perspective comparative et\/ou interdisciplinaire.<\/p>\n\n\t\t\t\t\t\t\t\t\t\t<div class=\"share\">\n\t\t\t\t\t\t\t\t\t\t\t<div class=\"share-icons\">\n\t\t\t\t\t\t\t\t\t\t\t\t\t\t\t\t\t\t\t\t\t\t\t\t\t\t\t\t\t\t\t\t\t\t\t\t\t\t\t\t\t\t\t\t\t\t\t\t\t\t\t\t\t\t\t\t\t\t\t\t\t<a href=\"mailto:n.li@peterlang.com?&#038;subject=Na Li : Acquisitions Editor (Asie &#038; Moyen-Orient)\" target=\"_blank\" class=\"share-icon\">\n\t\t\t\t\t\t\t\t\t\t\t\t\t\t<svg id=\"Group_7\" data-name=\"Group 7\" xmlns=\"http:\/\/www.w3.org\/2000\/svg\" width=\"28\" height=\"19\" viewBox=\"0 0 28 19\">\r\n  <path id=\"Path\" d=\"M26.25,0H1.75A1.609,1.609,0,0,0,0,1.412v.8L14,7,28,2.214v-.8A1.609,1.609,0,0,0,26.25,0Z\" fill=\"#2a2382\"\/>\r\n  <path id=\"Path-2\" data-name=\"Path\" d=\"M14.341,5.941a.846.846,0,0,1-.683,0L0,0V13.2A1.775,1.775,0,0,0,1.75,15h24.5A1.775,1.775,0,0,0,28,13.2V0Z\" transform=\"translate(0 4)\" fill=\"#2a2382\"\/>\r\n<\/svg>\r\n\t\t\t\t\t\t\t\t\t\t\t\t\t<\/a>\n\t\t\t\t\t\t\t\t\t\t\t\t\t\t\t\t\t\t\t\t\t\t\t<\/div>\n\t\t\t\t\t\t\t\t\t\t<\/div>\n\t\t\t\t\t\t\t\t\t<\/div>\n\t\t\t\t\t\t\t\t<\/div>\n\t\t\t\t\t\t\t<\/div>\n\t\t\t\t\t\t<\/div>\n\t\t\t\t\t<\/div>\n\t\t\t\t\t\t\t\t\t\t\t\t\t\t<div class=\"team-member\">\n\t\t\t\t\t\t<div class=\"team-member__image\">\n\t\t\t\t\t\t\t<img decoding=\"async\" src=\"https:\/\/www.peterlang.com\/app\/uploads\/2021\/08\/Editor-photo-Phil-Dunshea-e1629110387282.jpg\" alt=\"\">\n\t\t\t\t\t\t<\/div>\n\t\t\t\t\t\t<div class=\"team-member__text\">\n\t\t\t\t\t\t\t<h3 class=\"team-member__title\">Dr. Philip Dunshea<\/h3>\n\t\t\t\t\t\t\t<h4 class=\"team-member__role\">Senior Acquisitions Editor (Humanit\u00e9s)<\/h4>\n\t\t\t\t\t\t\t<button class=\"team-member__link\">Click here for more info<\/button>\n\t\t\t\t\t\t<\/div>\n\n\t\t\t\t\t\t<div class=\"modal\">\n\t\t\t\t\t\t\t<div class=\"modal__container\">\n\t\t\t\t\t\t\t\t<div class=\"modal__container-inner\">\n\t\t\t\t\t\t\t\t\t<button class=\"modal__close\">\n\t\t\t\t\t\t\t\t\t\t<div class=\"modal__close-inner\"><\/div>\n\t\t\t\t\t\t\t\t\t<\/button>\n\t\t\t\t\t\t\t\t\t<div class=\"modal__image\">\n\t\t\t\t\t\t\t\t\t\t<img decoding=\"async\" src=\"https:\/\/www.peterlang.com\/app\/uploads\/2021\/08\/Editor-photo-Phil-Dunshea-e1629110387282.jpg\" alt=\"\">\n\t\t\t\t\t\t\t\t\t<\/div>\n\t\t\t\t\t\t\t\t\t<div class=\"modal__content\">\n\t\t\t\t\t\t\t\t\t\t<h3 class=\"modal__title\">Dr. Philip Dunshea<\/h3>\n\t\t\t\t\t\t\t\t\t\t<h4 class=\"modal__role\">Senior Acquisitions Editor (Humanit\u00e9s)<\/h4>\n\t\t\t\t\t\t\t\t\t\t<p class=\"modal__description\">Titulaire d&#8217;un doctorat de l&#8217;universit\u00e9 de Cambridge, ainsi que d&#8217;un Master en histoire de l&#8217;universit\u00e9 St Andrews et d&#8217;une Ma\u00eetrise en philosophie, Philip Dunshea est charg\u00e9 des acquisitions dans le domaine des sciences humaines chez Peter Lang. Il supervise des collections consacr\u00e9es \u00e0 l&#8217;histoire, \u00e0 la litt\u00e9rature, \u00e0 la culture et aux \u00e9tudes religieuses. En provenance d&#8217;Ecosse, Philip est r\u00e9cemment arriv\u00e9 en Am\u00e9rique du Nord, o\u00f9 il r\u00e9side \u00e0 Dundas, dans l&#8217;Ontario (Canada). <\/p>\n\n\t\t\t\t\t\t\t\t\t\t<div class=\"share\">\n\t\t\t\t\t\t\t\t\t\t\t<div class=\"share-icons\">\n\t\t\t\t\t\t\t\t\t\t\t\t\t\t\t\t\t\t\t\t\t\t\t\t\t\t\t\t\t\t\t\t\t\t\t\t\t\t\t\t\t\t\t\t\t\t\t\t\t\t\t\t\t\t\t\t\t\t\t\t\t<a href=\"mailto:p.dunshea@peterlang.com?&#038;subject=Dr. Philip Dunshea : Senior Acquisitions Editor (Humanit\u00e9s)\" target=\"_blank\" class=\"share-icon\">\n\t\t\t\t\t\t\t\t\t\t\t\t\t\t<svg id=\"Group_7\" data-name=\"Group 7\" xmlns=\"http:\/\/www.w3.org\/2000\/svg\" width=\"28\" height=\"19\" viewBox=\"0 0 28 19\">\r\n  <path id=\"Path\" d=\"M26.25,0H1.75A1.609,1.609,0,0,0,0,1.412v.8L14,7,28,2.214v-.8A1.609,1.609,0,0,0,26.25,0Z\" fill=\"#2a2382\"\/>\r\n  <path id=\"Path-2\" data-name=\"Path\" d=\"M14.341,5.941a.846.846,0,0,1-.683,0L0,0V13.2A1.775,1.775,0,0,0,1.75,15h24.5A1.775,1.775,0,0,0,28,13.2V0Z\" transform=\"translate(0 4)\" fill=\"#2a2382\"\/>\r\n<\/svg>\r\n\t\t\t\t\t\t\t\t\t\t\t\t\t<\/a>\n\t\t\t\t\t\t\t\t\t\t\t\t\t\t\t\t\t\t\t\t\t\t\t<\/div>\n\t\t\t\t\t\t\t\t\t\t<\/div>\n\t\t\t\t\t\t\t\t\t<\/div>\n\t\t\t\t\t\t\t\t<\/div>\n\t\t\t\t\t\t\t<\/div>\n\t\t\t\t\t\t<\/div>\n\t\t\t\t\t<\/div>\n\t\t\t\t\t\t\t\t\t\t\t\t\t\t<div class=\"team-member\">\n\t\t\t\t\t\t<div class=\"team-member__image\">\n\t\t\t\t\t\t\t<img decoding=\"async\" src=\"https:\/\/www.peterlang.com\/app\/uploads\/2021\/07\/thierry-final-small.jpg\" alt=\"\">\n\t\t\t\t\t\t<\/div>\n\t\t\t\t\t\t<div class=\"team-member__text\">\n\t\t\t\t\t\t\t<h3 class=\"team-member__title\">Thierry Waser<\/h3>\n\t\t\t\t\t\t\t<h4 class=\"team-member__role\">Senior Acquisitions Editor &#038; Deputy Managing Director<\/h4>\n\t\t\t\t\t\t\t<button class=\"team-member__link\">Click here for more info<\/button>\n\t\t\t\t\t\t<\/div>\n\n\t\t\t\t\t\t<div class=\"modal\">\n\t\t\t\t\t\t\t<div class=\"modal__container\">\n\t\t\t\t\t\t\t\t<div class=\"modal__container-inner\">\n\t\t\t\t\t\t\t\t\t<button class=\"modal__close\">\n\t\t\t\t\t\t\t\t\t\t<div class=\"modal__close-inner\"><\/div>\n\t\t\t\t\t\t\t\t\t<\/button>\n\t\t\t\t\t\t\t\t\t<div class=\"modal__image\">\n\t\t\t\t\t\t\t\t\t\t<img decoding=\"async\" src=\"https:\/\/www.peterlang.com\/app\/uploads\/2021\/07\/thierry-final-small.jpg\" alt=\"\">\n\t\t\t\t\t\t\t\t\t<\/div>\n\t\t\t\t\t\t\t\t\t<div class=\"modal__content\">\n\t\t\t\t\t\t\t\t\t\t<h3 class=\"modal__title\">Thierry Waser<\/h3>\n\t\t\t\t\t\t\t\t\t\t<h4 class=\"modal__role\">Senior Acquisitions Editor &#038; Deputy Managing Director<\/h4>\n\t\t\t\t\t\t\t\t\t\t<p class=\"modal__description\">Thierry Waser est titulaire d&#8217;un Master en litt\u00e9rature fran\u00e7aise et en histoire contemporaine de l&#8217;Universit\u00e9 de Fribourg (Suisse). Il a rejoint Peter Lang en 2008, d&#8217;abord \u00e0 Berne, puis \u00e0 Bruxelles d\u00e8s 2015. Il occupe d\u00e9sormais la double fonction de directeur g\u00e9n\u00e9ral adjoint et de responsable \u00e9ditorial senior. Polyglotte, ses domaines de sp\u00e9cialit\u00e9 sont l&#8217;histoire, la sociologie, la linguistique, la philosophie, le droit, l&#8217;\u00e9cologie et les \u00e9tudes environnementales.<\/p>\n\n\t\t\t\t\t\t\t\t\t\t<div class=\"share\">\n\t\t\t\t\t\t\t\t\t\t\t<div class=\"share-icons\">\n\t\t\t\t\t\t\t\t\t\t\t\t\t\t\t\t\t\t\t\t\t\t\t\t\t\t\t\t\t\t\t\t\t\t\t\t\t\t\t\t\t\t\t\t\t\t\t\t\t\t\t\t\t\t\t\t\t\t\t\t\t<a href=\"mailto:t.waser@peterlang.com?&#038;subject=Thierry Waser : Senior Acquisitions Editor &#038; Deputy Managing Director\" target=\"_blank\" class=\"share-icon\">\n\t\t\t\t\t\t\t\t\t\t\t\t\t\t<svg id=\"Group_7\" data-name=\"Group 7\" xmlns=\"http:\/\/www.w3.org\/2000\/svg\" width=\"28\" height=\"19\" viewBox=\"0 0 28 19\">\r\n  <path id=\"Path\" d=\"M26.25,0H1.75A1.609,1.609,0,0,0,0,1.412v.8L14,7,28,2.214v-.8A1.609,1.609,0,0,0,26.25,0Z\" fill=\"#2a2382\"\/>\r\n  <path id=\"Path-2\" data-name=\"Path\" d=\"M14.341,5.941a.846.846,0,0,1-.683,0L0,0V13.2A1.775,1.775,0,0,0,1.75,15h24.5A1.775,1.775,0,0,0,28,13.2V0Z\" transform=\"translate(0 4)\" fill=\"#2a2382\"\/>\r\n<\/svg>\r\n\t\t\t\t\t\t\t\t\t\t\t\t\t<\/a>\n\t\t\t\t\t\t\t\t\t\t\t\t\t\t\t\t\t\t\t\t\t\t\t<\/div>\n\t\t\t\t\t\t\t\t\t\t<\/div>\n\t\t\t\t\t\t\t\t\t<\/div>\n\t\t\t\t\t\t\t\t<\/div>\n\t\t\t\t\t\t\t<\/div>\n\t\t\t\t\t\t<\/div>\n\t\t\t\t\t<\/div>\n\t\t\t\t\t\t\t\t\t\t\t\t\t\t<div class=\"team-member\">\n\t\t\t\t\t\t<div class=\"team-member__image\">\n\t\t\t\t\t\t\t<img decoding=\"async\" src=\"https:\/\/www.peterlang.com\/app\/uploads\/2021\/10\/UlrikeDoring.jpg\" alt=\"\">\n\t\t\t\t\t\t<\/div>\n\t\t\t\t\t\t<div class=\"team-member__text\">\n\t\t\t\t\t\t\t<h3 class=\"team-member__title\">Ulrike D\u00f6ring<\/h3>\n\t\t\t\t\t\t\t<h4 class=\"team-member__role\">Senior Acquisitions Editor<\/h4>\n\t\t\t\t\t\t\t<button class=\"team-member__link\">Click here for more info<\/button>\n\t\t\t\t\t\t<\/div>\n\n\t\t\t\t\t\t<div class=\"modal\">\n\t\t\t\t\t\t\t<div class=\"modal__container\">\n\t\t\t\t\t\t\t\t<div class=\"modal__container-inner\">\n\t\t\t\t\t\t\t\t\t<button class=\"modal__close\">\n\t\t\t\t\t\t\t\t\t\t<div class=\"modal__close-inner\"><\/div>\n\t\t\t\t\t\t\t\t\t<\/button>\n\t\t\t\t\t\t\t\t\t<div class=\"modal__image\">\n\t\t\t\t\t\t\t\t\t\t<img decoding=\"async\" src=\"https:\/\/www.peterlang.com\/app\/uploads\/2021\/10\/UlrikeDoring-1336x1606.jpg\" alt=\"\">\n\t\t\t\t\t\t\t\t\t<\/div>\n\t\t\t\t\t\t\t\t\t<div class=\"modal__content\">\n\t\t\t\t\t\t\t\t\t\t<h3 class=\"modal__title\">Ulrike D\u00f6ring<\/h3>\n\t\t\t\t\t\t\t\t\t\t<h4 class=\"modal__role\">Senior Acquisitions Editor<\/h4>\n\t\t\t\t\t\t\t\t\t\t<p class=\"modal__description\">Titulaire d&#8217;un Master en langue et litt\u00e9rature allemandes ainsi qu&#8217;en p\u00e9dagogie de l\u2019universit\u00e9 de Stuttgart, Ulrike D\u00f6ring a travaill\u00e9 pendant de nombreuses ann\u00e9es au sein d\u2019une maison d\u2019\u00e9dition allemande sp\u00e9cialis\u00e9e dans le domaine de la sant\u00e9, avant de rejoindre Peter Lang. Depuis d\u00e9cembre 2018, elle est responsable du programme \u00ab Allemand et linguistique \u00bb et se r\u00e9jouit d\u2019\u00e9tudier toute proposition d\u2019ouvrage ou de collection sur des th\u00e8mes linguistiques et litt\u00e9raires, que ce soit en allemand ou en anglais. <\/p>\n\n\t\t\t\t\t\t\t\t\t\t<div class=\"share\">\n\t\t\t\t\t\t\t\t\t\t\t<div class=\"share-icons\">\n\t\t\t\t\t\t\t\t\t\t\t\t\t\t\t\t\t\t\t\t\t\t\t\t\t\t\t\t\t\t\t\t\t\t\t\t\t\t\t\t\t\t\t\t\t\t\t\t\t\t\t\t\t\t\t\t\t\t\t\t\t<a href=\"mailto:u.doering@peterlang.com?&#038;subject=Ulrike D\u00f6ring : Senior Acquisitions Editor\" target=\"_blank\" class=\"share-icon\">\n\t\t\t\t\t\t\t\t\t\t\t\t\t\t<svg id=\"Group_7\" data-name=\"Group 7\" xmlns=\"http:\/\/www.w3.org\/2000\/svg\" width=\"28\" height=\"19\" viewBox=\"0 0 28 19\">\r\n  <path id=\"Path\" d=\"M26.25,0H1.75A1.609,1.609,0,0,0,0,1.412v.8L14,7,28,2.214v-.8A1.609,1.609,0,0,0,26.25,0Z\" fill=\"#2a2382\"\/>\r\n  <path id=\"Path-2\" data-name=\"Path\" d=\"M14.341,5.941a.846.846,0,0,1-.683,0L0,0V13.2A1.775,1.775,0,0,0,1.75,15h24.5A1.775,1.775,0,0,0,28,13.2V0Z\" transform=\"translate(0 4)\" fill=\"#2a2382\"\/>\r\n<\/svg>\r\n\t\t\t\t\t\t\t\t\t\t\t\t\t<\/a>\n\t\t\t\t\t\t\t\t\t\t\t\t\t\t\t\t\t\t\t\t\t\t\t<\/div>\n\t\t\t\t\t\t\t\t\t\t<\/div>\n\t\t\t\t\t\t\t\t\t<\/div>\n\t\t\t\t\t\t\t\t<\/div>\n\t\t\t\t\t\t\t<\/div>\n\t\t\t\t\t\t<\/div>\n\t\t\t\t\t<\/div>\n\t\t\t\t\t\t\t\t\t\t\t\t\t\t<div class=\"team-member\">\n\t\t\t\t\t\t<div class=\"team-member__image\">\n\t\t\t\t\t\t\t<img decoding=\"async\" src=\"https:\/\/www.peterlang.com\/app\/uploads\/2023\/02\/AStahli-scaled.jpg\" alt=\"\">\n\t\t\t\t\t\t<\/div>\n\t\t\t\t\t\t<div class=\"team-member__text\">\n\t\t\t\t\t\t\t<h3 class=\"team-member__title\">Adrian St\u00e4hli<\/h3>\n\t\t\t\t\t\t\t<h4 class=\"team-member__role\">Senior Acquisitions Editor<\/h4>\n\t\t\t\t\t\t\t<button class=\"team-member__link\">Click here for more info<\/button>\n\t\t\t\t\t\t<\/div>\n\n\t\t\t\t\t\t<div class=\"modal\">\n\t\t\t\t\t\t\t<div class=\"modal__container\">\n\t\t\t\t\t\t\t\t<div class=\"modal__container-inner\">\n\t\t\t\t\t\t\t\t\t<button class=\"modal__close\">\n\t\t\t\t\t\t\t\t\t\t<div class=\"modal__close-inner\"><\/div>\n\t\t\t\t\t\t\t\t\t<\/button>\n\t\t\t\t\t\t\t\t\t<div class=\"modal__image\">\n\t\t\t\t\t\t\t\t\t\t<img decoding=\"async\" src=\"https:\/\/www.peterlang.com\/app\/uploads\/2023\/02\/AStahli-1336x1606.jpg\" alt=\"\">\n\t\t\t\t\t\t\t\t\t<\/div>\n\t\t\t\t\t\t\t\t\t<div class=\"modal__content\">\n\t\t\t\t\t\t\t\t\t\t<h3 class=\"modal__title\">Adrian St\u00e4hli<\/h3>\n\t\t\t\t\t\t\t\t\t\t<h4 class=\"modal__role\">Senior Acquisitions Editor<\/h4>\n\t\t\t\t\t\t\t\t\t\t<p class=\"modal__description\">Apr\u00e8s des \u00e9tudes en langues et litt\u00e9ratures romanes, allemand et anglais poursuivies entre les  universit\u00e9s de Bonn, Berne et Florence, Adrian St\u00e4hli enseigne \u00e0 l\u2019Universit\u00e9 de Berne avant de rejoindre Peter Lang en 2012, o\u00f9 il s&#8217;occupe de la publication d\u2019ouvrages et de collections en litt\u00e9rature ainsi qu&#8217;en linguistique. Apr\u00e8s avoir travaill\u00e9 pendant cinq ans dans un autre secteur de l&#8217;\u00e9dition, il r\u00e9int\u00e8gre Peter Lang en 2022 en tant que responsable des acquisitions et chef de l&#8217;\u00e9quipe \u00e9ditoriale bas\u00e9 \u00e0 Berlin. Il se consacre principalement \u00e0 la th\u00e9ologie et \u00e0 la philosophie, aux \u00e9tudes artistiques et romanes, \u00e0 la linguistique, ainsi qu&#8217;\u00e0 la p\u00e9dagogie.<\/p>\n\n\t\t\t\t\t\t\t\t\t\t<div class=\"share\">\n\t\t\t\t\t\t\t\t\t\t\t<div class=\"share-icons\">\n\t\t\t\t\t\t\t\t\t\t\t\t\t\t\t\t\t\t\t\t\t\t\t\t\t\t\t\t\t\t\t\t\t\t\t\t\t\t\t\t\t\t\t\t\t\t\t\t\t\t\t\t\t\t\t\t\t\t\t\t\t<a href=\"mailto:a.staehli@peterlang.com?&#038;subject=Adrian St\u00e4hli : Senior Acquisitions Editor\" target=\"_blank\" class=\"share-icon\">\n\t\t\t\t\t\t\t\t\t\t\t\t\t\t<svg id=\"Group_7\" data-name=\"Group 7\" xmlns=\"http:\/\/www.w3.org\/2000\/svg\" width=\"28\" height=\"19\" viewBox=\"0 0 28 19\">\r\n  <path id=\"Path\" d=\"M26.25,0H1.75A1.609,1.609,0,0,0,0,1.412v.8L14,7,28,2.214v-.8A1.609,1.609,0,0,0,26.25,0Z\" fill=\"#2a2382\"\/>\r\n  <path id=\"Path-2\" data-name=\"Path\" d=\"M14.341,5.941a.846.846,0,0,1-.683,0L0,0V13.2A1.775,1.775,0,0,0,1.75,15h24.5A1.775,1.775,0,0,0,28,13.2V0Z\" transform=\"translate(0 4)\" fill=\"#2a2382\"\/>\r\n<\/svg>\r\n\t\t\t\t\t\t\t\t\t\t\t\t\t<\/a>\n\t\t\t\t\t\t\t\t\t\t\t\t\t\t\t\t\t\t\t\t\t\t\t<\/div>\n\t\t\t\t\t\t\t\t\t\t<\/div>\n\t\t\t\t\t\t\t\t\t<\/div>\n\t\t\t\t\t\t\t\t<\/div>\n\t\t\t\t\t\t\t<\/div>\n\t\t\t\t\t\t<\/div>\n\t\t\t\t\t<\/div>\n\t\t\t\t\t\t\t\t\t\t\t\t\t\t<div class=\"team-member\">\n\t\t\t\t\t\t<div class=\"team-member__image\">\n\t\t\t\t\t\t\t<img decoding=\"async\" src=\"https:\/\/www.peterlang.com\/app\/uploads\/2023\/01\/Elizabeth-HowardAE-scaled.jpg\" alt=\"\">\n\t\t\t\t\t\t<\/div>\n\t\t\t\t\t\t<div class=\"team-member__text\">\n\t\t\t\t\t\t\t<h3 class=\"team-member__title\">Dr. Elizabeth Howard<\/h3>\n\t\t\t\t\t\t\t<h4 class=\"team-member__role\">Acquisitions Editor (M\u00e9dias &#038; Communication)<\/h4>\n\t\t\t\t\t\t\t<button class=\"team-member__link\">Click here for more info<\/button>\n\t\t\t\t\t\t<\/div>\n\n\t\t\t\t\t\t<div class=\"modal\">\n\t\t\t\t\t\t\t<div class=\"modal__container\">\n\t\t\t\t\t\t\t\t<div class=\"modal__container-inner\">\n\t\t\t\t\t\t\t\t\t<button class=\"modal__close\">\n\t\t\t\t\t\t\t\t\t\t<div class=\"modal__close-inner\"><\/div>\n\t\t\t\t\t\t\t\t\t<\/button>\n\t\t\t\t\t\t\t\t\t<div class=\"modal__image\">\n\t\t\t\t\t\t\t\t\t\t<img decoding=\"async\" src=\"https:\/\/www.peterlang.com\/app\/uploads\/2023\/01\/Elizabeth-HowardAE-1336x1606.jpg\" alt=\"\">\n\t\t\t\t\t\t\t\t\t<\/div>\n\t\t\t\t\t\t\t\t\t<div class=\"modal__content\">\n\t\t\t\t\t\t\t\t\t\t<h3 class=\"modal__title\">Dr. Elizabeth Howard<\/h3>\n\t\t\t\t\t\t\t\t\t\t<h4 class=\"modal__role\">Acquisitions Editor (M\u00e9dias &#038; Communication)<\/h4>\n\t\t\t\t\t\t\t\t\t\t<p class=\"modal__description\">Titulaire d&#8217;un doctorat de l&#8217;universit\u00e9 de Cardiff, ainsi que d&#8217;un Master des universit\u00e9s d&#8217;Oxford et d&#8217;Uppsala (Su\u00e8de), Elizabeth Howard est responsable des acquisitions dans le domaine des m\u00e9dias et de la communication chez Peter Lang depuis 2023. Ses domaines de sp\u00e9cialisation sont la communication, le journalisme, les relations publiques et les \u00e9tudes portant sur les m\u00e9dias.<\/p>\n\n\t\t\t\t\t\t\t\t\t\t<div class=\"share\">\n\t\t\t\t\t\t\t\t\t\t\t<div class=\"share-icons\">\n\t\t\t\t\t\t\t\t\t\t\t\t\t\t\t\t\t\t\t\t\t\t\t\t\t\t\t\t\t\t\t\t\t\t\t\t\t\t\t\t\t\t\t\t\t\t\t\t\t\t\t\t\t\t\t\t\t\t\t\t\t<a href=\"mailto:e.howard@peterlang.com?&#038;subject=Dr. Elizabeth Howard : Acquisitions Editor (M\u00e9dias &#038; Communication)\" target=\"_blank\" class=\"share-icon\">\n\t\t\t\t\t\t\t\t\t\t\t\t\t\t<svg id=\"Group_7\" data-name=\"Group 7\" xmlns=\"http:\/\/www.w3.org\/2000\/svg\" width=\"28\" height=\"19\" viewBox=\"0 0 28 19\">\r\n  <path id=\"Path\" d=\"M26.25,0H1.75A1.609,1.609,0,0,0,0,1.412v.8L14,7,28,2.214v-.8A1.609,1.609,0,0,0,26.25,0Z\" fill=\"#2a2382\"\/>\r\n  <path id=\"Path-2\" data-name=\"Path\" d=\"M14.341,5.941a.846.846,0,0,1-.683,0L0,0V13.2A1.775,1.775,0,0,0,1.75,15h24.5A1.775,1.775,0,0,0,28,13.2V0Z\" transform=\"translate(0 4)\" fill=\"#2a2382\"\/>\r\n<\/svg>\r\n\t\t\t\t\t\t\t\t\t\t\t\t\t<\/a>\n\t\t\t\t\t\t\t\t\t\t\t\t\t\t\t\t\t\t\t\t\t\t\t<\/div>\n\t\t\t\t\t\t\t\t\t\t<\/div>\n\t\t\t\t\t\t\t\t\t<\/div>\n\t\t\t\t\t\t\t\t<\/div>\n\t\t\t\t\t\t\t<\/div>\n\t\t\t\t\t\t<\/div>\n\t\t\t\t\t<\/div>\n\t\t\t\t\t\t\t\t\t\t\t\t\t\t<div class=\"team-member\">\n\t\t\t\t\t\t<div class=\"team-member__image\">\n\t\t\t\t\t\t\t<img decoding=\"async\" src=\"https:\/\/www.peterlang.com\/app\/uploads\/2023\/02\/Bild-Website.jpg\" alt=\"\">\n\t\t\t\t\t\t<\/div>\n\t\t\t\t\t\t<div class=\"team-member__text\">\n\t\t\t\t\t\t\t<h3 class=\"team-member__title\">Viktoria von Wickede<\/h3>\n\t\t\t\t\t\t\t<h4 class=\"team-member__role\">Acquisitions Editor<\/h4>\n\t\t\t\t\t\t\t<button class=\"team-member__link\">Click here for more info<\/button>\n\t\t\t\t\t\t<\/div>\n\n\t\t\t\t\t\t<div class=\"modal\">\n\t\t\t\t\t\t\t<div class=\"modal__container\">\n\t\t\t\t\t\t\t\t<div class=\"modal__container-inner\">\n\t\t\t\t\t\t\t\t\t<button class=\"modal__close\">\n\t\t\t\t\t\t\t\t\t\t<div class=\"modal__close-inner\"><\/div>\n\t\t\t\t\t\t\t\t\t<\/button>\n\t\t\t\t\t\t\t\t\t<div class=\"modal__image\">\n\t\t\t\t\t\t\t\t\t\t<img decoding=\"async\" src=\"https:\/\/www.peterlang.com\/app\/uploads\/2023\/02\/Bild-Website-1182x1606.jpg\" alt=\"\">\n\t\t\t\t\t\t\t\t\t<\/div>\n\t\t\t\t\t\t\t\t\t<div class=\"modal__content\">\n\t\t\t\t\t\t\t\t\t\t<h3 class=\"modal__title\">Viktoria von Wickede<\/h3>\n\t\t\t\t\t\t\t\t\t\t<h4 class=\"modal__role\">Acquisitions Editor<\/h4>\n\t\t\t\t\t\t\t\t\t\t<p class=\"modal__description\">Viktoria von Wickede a \u00e9tudi\u00e9 les langues et cultures romanes ainsi que l&#8217;histoire et la litt\u00e9rature compar\u00e9e entre les universit\u00e9s de I\u00e9na, Toulouse et Vienne. Elle a travaill\u00e9 pendant plusieurs ann\u00e9es dans une maison d&#8217;\u00e9dition universitaire \u00e0 Vienne avant de rejoindre le bureau autrichien de Peter Lang, o\u00f9 elle est responsable d&#8217;acquisition pour les langues et la culture romanes, l&#8217;histoire, les \u00e9tudes litt\u00e9raires ainsi que l&#8217;histoire de l&#8217;art. <\/p>\n\n\t\t\t\t\t\t\t\t\t\t<div class=\"share\">\n\t\t\t\t\t\t\t\t\t\t\t<div class=\"share-icons\">\n\t\t\t\t\t\t\t\t\t\t\t\t\t\t\t\t\t\t\t\t\t\t\t\t\t\t\t\t\t\t\t\t\t\t\t\t\t\t\t\t\t\t\t\t\t\t\t\t\t\t\t\t\t\t\t\t\t\t\t\t\t<a href=\"mailto:v.vonwickede@peterlang.com?&#038;subject=Viktoria von Wickede : Acquisitions Editor\" target=\"_blank\" class=\"share-icon\">\n\t\t\t\t\t\t\t\t\t\t\t\t\t\t<svg id=\"Group_7\" data-name=\"Group 7\" xmlns=\"http:\/\/www.w3.org\/2000\/svg\" width=\"28\" height=\"19\" viewBox=\"0 0 28 19\">\r\n  <path id=\"Path\" d=\"M26.25,0H1.75A1.609,1.609,0,0,0,0,1.412v.8L14,7,28,2.214v-.8A1.609,1.609,0,0,0,26.25,0Z\" fill=\"#2a2382\"\/>\r\n  <path id=\"Path-2\" data-name=\"Path\" d=\"M14.341,5.941a.846.846,0,0,1-.683,0L0,0V13.2A1.775,1.775,0,0,0,1.75,15h24.5A1.775,1.775,0,0,0,28,13.2V0Z\" transform=\"translate(0 4)\" fill=\"#2a2382\"\/>\r\n<\/svg>\r\n\t\t\t\t\t\t\t\t\t\t\t\t\t<\/a>\n\t\t\t\t\t\t\t\t\t\t\t\t\t\t\t\t\t\t\t\t\t\t\t<\/div>\n\t\t\t\t\t\t\t\t\t\t<\/div>\n\t\t\t\t\t\t\t\t\t<\/div>\n\t\t\t\t\t\t\t\t<\/div>\n\t\t\t\t\t\t\t<\/div>\n\t\t\t\t\t\t<\/div>\n\t\t\t\t\t<\/div>\n\t\t\t\t\t\t\t\t\t\t\t\t\t\t<div class=\"team-member\">\n\t\t\t\t\t\t<div class=\"team-member__image\">\n\t\t\t\t\t\t\t<img decoding=\"async\" src=\"https:\/\/www.peterlang.com\/app\/uploads\/2023\/02\/Image-Indrani-Dutta-scaled.jpeg\" alt=\"\">\n\t\t\t\t\t\t<\/div>\n\t\t\t\t\t\t<div class=\"team-member__text\">\n\t\t\t\t\t\t\t<h3 class=\"team-member__title\">Indrani Dutta<\/h3>\n\t\t\t\t\t\t\t<h4 class=\"team-member__role\">Acquisitions Editor (Sciences sociales)<\/h4>\n\t\t\t\t\t\t\t<button class=\"team-member__link\">Click here for more info<\/button>\n\t\t\t\t\t\t<\/div>\n\n\t\t\t\t\t\t<div class=\"modal\">\n\t\t\t\t\t\t\t<div class=\"modal__container\">\n\t\t\t\t\t\t\t\t<div class=\"modal__container-inner\">\n\t\t\t\t\t\t\t\t\t<button class=\"modal__close\">\n\t\t\t\t\t\t\t\t\t\t<div class=\"modal__close-inner\"><\/div>\n\t\t\t\t\t\t\t\t\t<\/button>\n\t\t\t\t\t\t\t\t\t<div class=\"modal__image\">\n\t\t\t\t\t\t\t\t\t\t<img decoding=\"async\" src=\"https:\/\/www.peterlang.com\/app\/uploads\/2023\/02\/Image-Indrani-Dutta-1336x1606.jpeg\" alt=\"\">\n\t\t\t\t\t\t\t\t\t<\/div>\n\t\t\t\t\t\t\t\t\t<div class=\"modal__content\">\n\t\t\t\t\t\t\t\t\t\t<h3 class=\"modal__title\">Indrani Dutta<\/h3>\n\t\t\t\t\t\t\t\t\t\t<h4 class=\"modal__role\">Acquisitions Editor (Sciences sociales)<\/h4>\n\t\t\t\t\t\t\t\t\t\t<p class=\"modal__description\">Titulaire d\u2019un Master en relations internationales et apr\u00e8s une dizaine d\u2019ann\u00e9es dans l\u2019\u00e9dition, Indrani Dutta a rejoint Peter Lang en 2022 en tant que responsable des acquisitions dans le domaine des sciences sociales. Bas\u00e9e \u00e0 Calcutta, ses domaines de pr\u00e9dilection sont les sciences politiques et les relations internationales, la sociologie, l\u2019histoire, l\u2019\u00e9conomie, le management, ainsi que les m\u00e9dias et la communication. Avant de rejoindre Peter Lang, elle a travaill\u00e9 pour McGraw Hill Education et pour SAGE Publications.<\/p>\n\n\t\t\t\t\t\t\t\t\t\t<div class=\"share\">\n\t\t\t\t\t\t\t\t\t\t\t<div class=\"share-icons\">\n\t\t\t\t\t\t\t\t\t\t\t\t\t\t\t\t\t\t\t\t\t\t\t\t\t\t\t\t\t\t\t\t\t\t\t\t\t\t\t\t\t\t\t\t\t\t\t\t\t\t\t\t\t\t\t\t\t\t\t\t\t<a href=\"mailto:i.dutta@peterlang.com?&#038;subject=Indrani Dutta : Acquisitions Editor (Sciences sociales)\" target=\"_blank\" class=\"share-icon\">\n\t\t\t\t\t\t\t\t\t\t\t\t\t\t<svg id=\"Group_7\" data-name=\"Group 7\" xmlns=\"http:\/\/www.w3.org\/2000\/svg\" width=\"28\" height=\"19\" viewBox=\"0 0 28 19\">\r\n  <path id=\"Path\" d=\"M26.25,0H1.75A1.609,1.609,0,0,0,0,1.412v.8L14,7,28,2.214v-.8A1.609,1.609,0,0,0,26.25,0Z\" fill=\"#2a2382\"\/>\r\n  <path id=\"Path-2\" data-name=\"Path\" d=\"M14.341,5.941a.846.846,0,0,1-.683,0L0,0V13.2A1.775,1.775,0,0,0,1.75,15h24.5A1.775,1.775,0,0,0,28,13.2V0Z\" transform=\"translate(0 4)\" fill=\"#2a2382\"\/>\r\n<\/svg>\r\n\t\t\t\t\t\t\t\t\t\t\t\t\t<\/a>\n\t\t\t\t\t\t\t\t\t\t\t\t\t\t\t\t\t\t\t\t\t\t\t<\/div>\n\t\t\t\t\t\t\t\t\t\t<\/div>\n\t\t\t\t\t\t\t\t\t<\/div>\n\t\t\t\t\t\t\t\t<\/div>\n\t\t\t\t\t\t\t<\/div>\n\t\t\t\t\t\t<\/div>\n\t\t\t\t\t<\/div>\n\t\t\t\t\t\t\t\t\t\t\t\t\t\t<div class=\"team-member\">\n\t\t\t\t\t\t<div class=\"team-member__image\">\n\t\t\t\t\t\t\t<img decoding=\"async\" src=\"https:\/\/www.peterlang.com\/app\/uploads\/2023\/02\/Nandini-Ganguli-scaled.jpg\" alt=\"\">\n\t\t\t\t\t\t<\/div>\n\t\t\t\t\t\t<div class=\"team-member__text\">\n\t\t\t\t\t\t\t<h3 class=\"team-member__title\">Nandini Ganguli<\/h3>\n\t\t\t\t\t\t\t<h4 class=\"team-member__role\">Acquisitions Editor<\/h4>\n\t\t\t\t\t\t\t<button class=\"team-member__link\">Click here for more info<\/button>\n\t\t\t\t\t\t<\/div>\n\n\t\t\t\t\t\t<div class=\"modal\">\n\t\t\t\t\t\t\t<div class=\"modal__container\">\n\t\t\t\t\t\t\t\t<div class=\"modal__container-inner\">\n\t\t\t\t\t\t\t\t\t<button class=\"modal__close\">\n\t\t\t\t\t\t\t\t\t\t<div class=\"modal__close-inner\"><\/div>\n\t\t\t\t\t\t\t\t\t<\/button>\n\t\t\t\t\t\t\t\t\t<div class=\"modal__image\">\n\t\t\t\t\t\t\t\t\t\t<img decoding=\"async\" src=\"https:\/\/www.peterlang.com\/app\/uploads\/2023\/02\/Nandini-Ganguli-1336x1606.jpg\" alt=\"\">\n\t\t\t\t\t\t\t\t\t<\/div>\n\t\t\t\t\t\t\t\t\t<div class=\"modal__content\">\n\t\t\t\t\t\t\t\t\t\t<h3 class=\"modal__title\">Nandini Ganguli<\/h3>\n\t\t\t\t\t\t\t\t\t\t<h4 class=\"modal__role\">Acquisitions Editor<\/h4>\n\t\t\t\t\t\t\t\t\t\t<p class=\"modal__description\">Titulaire d\u2019un Maste en histoire, ainsi que d\u2019un dipl\u00f4me d\u2019\u00e9tudes sup\u00e9rieures en \u00e9dition de l\u2019universit\u00e9 de Calcutta, Nandini Ganguli est la responsable des acquisitions en sciences humaines pour l&#8217;Inde chez Peter Lang. Auparavant, elle a travaill\u00e9 dans l\u2019enseignement sup\u00e9rieur en Inde et le secteur de l\u2019\u00e9dition, notamment au sein d\u2019entreprises telles que McGraw Hill, Oxford University Press et SAGE Publications.\r\nNandini adore travailler sur les contenus et se r\u00e9jouit toujours de collaborer avec des auteurs pour d\u00e9velopper des id\u00e9es de livres et de collections, en particulier dans les diff\u00e9rents domaines des sciences humaines, en se concentrant principalement sur l\u2019Inde et l\u2019Asie du Sud.<\/p>\n\n\t\t\t\t\t\t\t\t\t\t<div class=\"share\">\n\t\t\t\t\t\t\t\t\t\t\t<div class=\"share-icons\">\n\t\t\t\t\t\t\t\t\t\t\t\t\t\t\t\t\t\t\t\t\t\t\t\t\t\t\t\t\t\t\t\t\t\t\t\t\t\t\t\t\t\t\t\t\t\t\t\t\t\t\t\t\t\t\t\t\t\t\t\t\t<a href=\"mailto:n.ganguli@peterlang.com?&#038;subject=Nandini Ganguli : Acquisitions Editor\" target=\"_blank\" class=\"share-icon\">\n\t\t\t\t\t\t\t\t\t\t\t\t\t\t<svg id=\"Group_7\" data-name=\"Group 7\" xmlns=\"http:\/\/www.w3.org\/2000\/svg\" width=\"28\" height=\"19\" viewBox=\"0 0 28 19\">\r\n  <path id=\"Path\" d=\"M26.25,0H1.75A1.609,1.609,0,0,0,0,1.412v.8L14,7,28,2.214v-.8A1.609,1.609,0,0,0,26.25,0Z\" fill=\"#2a2382\"\/>\r\n  <path id=\"Path-2\" data-name=\"Path\" d=\"M14.341,5.941a.846.846,0,0,1-.683,0L0,0V13.2A1.775,1.775,0,0,0,1.75,15h24.5A1.775,1.775,0,0,0,28,13.2V0Z\" transform=\"translate(0 4)\" fill=\"#2a2382\"\/>\r\n<\/svg>\r\n\t\t\t\t\t\t\t\t\t\t\t\t\t<\/a>\n\t\t\t\t\t\t\t\t\t\t\t\t\t\t\t\t\t\t\t\t\t\t\t<\/div>\n\t\t\t\t\t\t\t\t\t\t<\/div>\n\t\t\t\t\t\t\t\t\t<\/div>\n\t\t\t\t\t\t\t\t<\/div>\n\t\t\t\t\t\t\t<\/div>\n\t\t\t\t\t\t<\/div>\n\t\t\t\t\t<\/div>\n\t\t\t\t\t\t\t\t\t\t\t\t\t\t<div class=\"team-member\">\n\t\t\t\t\t\t<div class=\"team-member__image\">\n\t\t\t\t\t\t\t<img decoding=\"async\" src=\"https:\/\/www.peterlang.com\/app\/uploads\/2023\/03\/alison_new-1-scaled.jpg\" alt=\"\">\n\t\t\t\t\t\t<\/div>\n\t\t\t\t\t\t<div class=\"team-member__text\">\n\t\t\t\t\t\t\t<h3 class=\"team-member__title\">Dr. Alison Elizabeth Jefferson<\/h3>\n\t\t\t\t\t\t\t<h4 class=\"team-member__role\">Acquisitions Editor (Sciences de l&#8217;\u00e9ducation)<\/h4>\n\t\t\t\t\t\t\t<button class=\"team-member__link\">Click here for more info<\/button>\n\t\t\t\t\t\t<\/div>\n\n\t\t\t\t\t\t<div class=\"modal\">\n\t\t\t\t\t\t\t<div class=\"modal__container\">\n\t\t\t\t\t\t\t\t<div class=\"modal__container-inner\">\n\t\t\t\t\t\t\t\t\t<button class=\"modal__close\">\n\t\t\t\t\t\t\t\t\t\t<div class=\"modal__close-inner\"><\/div>\n\t\t\t\t\t\t\t\t\t<\/button>\n\t\t\t\t\t\t\t\t\t<div class=\"modal__image\">\n\t\t\t\t\t\t\t\t\t\t<img decoding=\"async\" src=\"https:\/\/www.peterlang.com\/app\/uploads\/2023\/03\/alison_new-1-1336x1606.jpg\" alt=\"\">\n\t\t\t\t\t\t\t\t\t<\/div>\n\t\t\t\t\t\t\t\t\t<div class=\"modal__content\">\n\t\t\t\t\t\t\t\t\t\t<h3 class=\"modal__title\">Dr. Alison Elizabeth Jefferson<\/h3>\n\t\t\t\t\t\t\t\t\t\t<h4 class=\"modal__role\">Acquisitions Editor (Sciences de l&#8217;\u00e9ducation)<\/h4>\n\t\t\t\t\t\t\t\t\t\t<p class=\"modal__description\">Titulaire d&#8217;un doctorat en enseignement sup\u00e9rieur de l\u2019Institut d\u2019\u00e9tudes p\u00e9dagogiques de l\u2019Ontario (Toronto), ainsi que d\u2019une licence en arch\u00e9ologie de l\u2019universit\u00e9 de Durham et de deux Masters en sciences m\u00e9dicales et en \u00e9ducation, Alison Jefferson a rejoint Peter Lang en f\u00e9vrier 2023. Elle occupe actuellement le poste de responsable des acquisitions pour les Sciences de l&#8217;\u00e9ducation pour les \u00c9tats-Unis et le Canada. Avant de rejoindre Peter Lang, elle a occup\u00e9 un poste de chercheuse et a travaill\u00e9 pendant plusieurs ann\u00e9es dans la r\u00e9vision de manuscrits universitaires en tant qu&#8217;ind\u00e9pendante. Alison souhaite continuer \u00e0 d\u00e9velopper le catalogue consacr\u00e9 aux sciences de l\u00e9ducation, en accordant une attention particuli\u00e8re \u00e0 l\u2019acc\u00e8s, \u00e0 l\u2019\u00e9quit\u00e9 et \u00e0 la diversit\u00e9. Parmi ses domaines d\u2019int\u00e9r\u00eat sp\u00e9cifiques figurent les \u00e9tudes sur le genre, la race et la communaut\u00e9 LGBTQ+ ; l\u2019enseignement \u00e0 distance et ouvert ; la sociologie et la philosophie de l\u2019\u00e9ducation ; la p\u00e9dagogie ; l\u2019\u00e9ducation compar\u00e9e ; ainsi que les politiques et la gouvernance des syst\u00e8mes \u00e9ducatifs.<\/p>\n\n\t\t\t\t\t\t\t\t\t\t<div class=\"share\">\n\t\t\t\t\t\t\t\t\t\t\t<div class=\"share-icons\">\n\t\t\t\t\t\t\t\t\t\t\t\t\t\t\t\t\t\t\t\t\t\t\t\t\t\t\t\t\t\t\t\t\t\t\t\t\t\t\t\t\t\t\t\t\t\t\t\t\t\t\t\t\t\t\t\t\t\t\t\t\t<a href=\"mailto:a.jefferson@peterlang.com?&#038;subject=Dr. Alison Elizabeth Jefferson : Acquisitions Editor (Sciences de l'\u00e9ducation)\" target=\"_blank\" class=\"share-icon\">\n\t\t\t\t\t\t\t\t\t\t\t\t\t\t<svg id=\"Group_7\" data-name=\"Group 7\" xmlns=\"http:\/\/www.w3.org\/2000\/svg\" width=\"28\" height=\"19\" viewBox=\"0 0 28 19\">\r\n  <path id=\"Path\" d=\"M26.25,0H1.75A1.609,1.609,0,0,0,0,1.412v.8L14,7,28,2.214v-.8A1.609,1.609,0,0,0,26.25,0Z\" fill=\"#2a2382\"\/>\r\n  <path id=\"Path-2\" data-name=\"Path\" d=\"M14.341,5.941a.846.846,0,0,1-.683,0L0,0V13.2A1.775,1.775,0,0,0,1.75,15h24.5A1.775,1.775,0,0,0,28,13.2V0Z\" transform=\"translate(0 4)\" fill=\"#2a2382\"\/>\r\n<\/svg>\r\n\t\t\t\t\t\t\t\t\t\t\t\t\t<\/a>\n\t\t\t\t\t\t\t\t\t\t\t\t\t\t\t\t\t\t\t\t\t\t\t<\/div>\n\t\t\t\t\t\t\t\t\t\t<\/div>\n\t\t\t\t\t\t\t\t\t<\/div>\n\t\t\t\t\t\t\t\t<\/div>\n\t\t\t\t\t\t\t<\/div>\n\t\t\t\t\t\t<\/div>\n\t\t\t\t\t<\/div>\n\t\t\t\t\t\t\t<\/div>\n\t\t\t<\/div>\n<\/section>\n\n\r\n\r\n<div class=\"appeal-spacer  appeal-spacer--6a9a2e7cd9b79\" aria-hidden=\"true\">\r\n    <style>\r\n        .appeal-spacer--6a9a2e7cd9b79 { height: 50px; }<!--\r\n        -->@media (max-width: 1919px) {\r\n            .appeal-spacer--6a9a2e7cd9b79 { height: 50px; }\r\n        }<!--\r\n        -->@media (max-width: 1023px) {\r\n            .appeal-spacer--6a9a2e7cd9b79 { height: 25px; }\r\n        }<!--\r\n        -->@media (max-width: 599px) {\r\n            .appeal-spacer--6a9a2e7cd9b79 { height: 25px; }\r\n        }\r\n    <\/style>\r\n<\/div>\r\n\n\n\n<script charset=\"utf-8\" type=\"text\/javascript\" src=\"\/\/js.hsforms.net\/forms\/shell.js\"><\/script>\n<script>\n  hbspt.forms.create({\n        region: \"na1\",\n        portalId: \"5381528\",\n        formId: \"c0140fea-3198-4be1-b675-9bd8de78298c\"\n});\n<\/script>\n\n\n\r\n\r\n<div class=\"appeal-spacer  appeal-spacer--6a9a2e7cd9e99\" aria-hidden=\"true\">\r\n    <style>\r\n        .appeal-spacer--6a9a2e7cd9e99 { height: 50px; }<!--\r\n        -->@media (max-width: 1919px) {\r\n            .appeal-spacer--6a9a2e7cd9e99 { height: 50px; }\r\n        }<!--\r\n        -->@media (max-width: 1023px) {\r\n            .appeal-spacer--6a9a2e7cd9e99 { height: 25px; }\r\n        }<!--\r\n        -->@media (max-width: 599px) {\r\n            .appeal-spacer--6a9a2e7cd9e99 { height: 25px; }\r\n        }\r\n    <\/style>\r\n<\/div>\r\n\n\n\n\n<a id=\"tiles-v2\/policies-downloads\" class=\"block-anchor\"><\/a>\n<section class=\"tiles-section tile-section--alt has-background\">\n\t<div class=\"tiles__container\">\n\t\t\t\t<div class=\"tiles tiles--alt\">\n\t\t\t\t\t\t\t\t\t<div class=\"tile tile--blue\">\n\t\t\t\t\t<h3 class=\"tile__title\">Policies<\/h3>\n\t\t\t\t\t\t\t\t\t\t<ul>\n\t\t\t\t\t\t\t\t\t\t\t\t\t\t\t\t\t\t\t\t\t\t\t\t\t\t\t\t<li><a href=\"https:\/\/www.peterlang.com\/fr\/politique-de-confidentialite\/#visiteurs-et-les-clients-du-site\">D\u00e9claration de protection des donn\u00e9es pour les visiteurs et les clients du site <\/a><\/li>\n\t\t\t\t\t\t\t\t\t\t\t\t\t\t\t\t\t\t\t\t\t\t\t\t\t\t\t\t\t\t\t\t\t\t\t<li><a href=\"https:\/\/www.peterlang.com\/fr\/politique-de-confidentialite\/#les-auteurs,-contributeurs-et-\u00e9diteurs\">D\u00e9claration de protection des donn\u00e9es pour les auteurs, contributeurs et \u00e9diteurs<\/a><\/li>\n\t\t\t\t\t\t\t\t\t\t\t\t\t\t\t\t\t\t\t\t\t\t\t\t\t\t\t\t\t\t\t\t\t\t\t<li><a href=\"https:\/\/www.peterlang.com\/app\/uploads\/2021\/07\/Publication_Ethics.pdf\">Publication Ethics<\/a><\/li>\n\t\t\t\t\t\t\t\t\t\t\t\t\t\t\t\t\t\t\t\t\t\t\t\t\t\t\t\t\t\t\t\t\t\t\t<li><a href=\"https:\/\/www.peterlang.com\/app\/uploads\/2026\/05\/Directives_soumission_des_manuscrits_Peter_Lang.pdf\">Directives pour la soumission des manuscrits<\/a><\/li>\n\t\t\t\t\t\t\t\t\t\t\t\t\t\t\t\t\t\t\t\t\t\t\t\t\t\t\t\t\t\t\t\t\t\t\t<li><a href=\"https:\/\/help.peterlang.com\/hubfs\/Author_Package\/Copyright_Guidelines_Peter_Lang_Group.pdf\">Copyright Guidelines<\/a><\/li>\n\t\t\t\t\t\t\t\t\t\t\t\t\t\t\t\t\t\t\t\t\t\t\t\t\t\t\t\t\t\t\t\t\t\t\t<li><a href=\"https:\/\/help.peterlang.com\/hubfs\/Author_Package\/Indexing_Guidelines_Peter_Lang_Group.pdf\">Indexing Guidelines<\/a><\/li>\n\t\t\t\t\t\t\t\t\t\t\t\t\t\t\t\t\t\t<\/ul>\n\t\t\t\t\t  \t\t<\/div>\n\t\t\t\t\t\t\t\t\t<div class=\"tile tile--blue\">\n\t\t\t\t\t<h3 class=\"tile__title\">Downloads<\/h3>\n\t\t\t\t\t\t\t\t\t\t<ul>\n\t\t\t\t\t\t\t\t\t\t\t\t\t\t\t\t\t\t\t\t\t\t\t\t\t\t\t\t<li><a href=\"https:\/\/www.peterlang.com\/app\/uploads\/2026\/05\/Formulaire-du-soumission-\u2013-ouvrage.pdf\">Formulaire du soumission \u2013 ouvrage<\/a><\/li>\n\t\t\t\t\t\t\t\t\t\t\t\t\t\t\t\t\t\t\t\t\t\t\t\t\t\t\t\t\t\t\t\t\t\t\t<li><a href=\"https:\/\/help.peterlang.com\/hubfs\/Author_Package\/Publishing-Proposal-Form_Series_EN-1%20(1).docx\">Publishing Proposal Form &#8211; Series<\/a><\/li>\n\t\t\t\t\t\t\t\t\t\t\t\t\t\t\t\t\t\t\t\t\t\t\t\t\t\t\t\t\t\t\t\t\t\t\t<li><a href=\"https:\/\/help.peterlang.com\/hubfs\/Author_Package\/Permissions-Template-Letter.docx\">Permissions Template Letter<\/a><\/li>\n\t\t\t\t\t\t\t\t\t\t\t\t\t\t\t\t\t\t\t\t\t\t\t\t\t\t\t\t\t\t\t\t\t\t\t<li><a href=\"https:\/\/help.peterlang.com\/hubfs\/Author_Package\/Guide_stylistique_fran%C3%A7ais_Peter_Lang.pdf\">Guide stylistique \u2013 Fran\u00e7ais<\/a><\/li>\n\t\t\t\t\t\t\t\t\t\t\t\t\t\t\t\t\t\t\t\t\t\t\t\t\t\t\t\t\t\t\t\t\t\t\t<li><a href=\"https:\/\/www.peterlang.com\/app\/uploads\/2026\/01\/Style_Guidelines_American_English_Peter_Lang-JAN-2026.pdf\">Style Guidelines &#8211; American English<\/a><\/li>\n\t\t\t\t\t\t\t\t\t\t\t\t\t\t\t\t\t\t\t\t\t\t\t\t\t\t\t\t\t\t\t\t\t\t\t<li><a href=\"https:\/\/www.peterlang.com\/app\/uploads\/2026\/01\/Style_Guidelines_British_English_Peter_Lang-JAN-2026.pdf\">Style Guidelines &#8211; British English<\/a><\/li>\n\t\t\t\t\t\t\t\t\t\t\t\t\t\t\t\t\t\t\t\t\t\t\t\t\t\t\t\t\t\t\t\t\t\t\t<li><a href=\"https:\/\/www.peterlang.com\/app\/uploads\/2026\/01\/Gestaltungsrichtlinien_Deutsch_Peter_Lang-JAN-2026.pdf\">Gestaltungsrichtlinien \u2013 Deutsch<\/a><\/li>\n\t\t\t\t\t\t\t\t\t\t\t\t\t\t\t\t\t\t\t\t\t\t\t\t\t\t\t\t\t\t\t\t\t\t\t<li><a href=\"https:\/\/www.peterlang.com\/app\/uploads\/2026\/01\/Guia_de_estilo_espanol_Peter_Lang-JAN-2026.pdf\">Gu\u00eda_de_estilo &#8211; Espa\u00f1ol<\/a><\/li>\n\t\t\t\t\t\t\t\t\t\t\t\t\t\t\t\t\t\t<\/ul>\n\t\t\t\t\t  \t\t<\/div>\n\t\t\t\t\t<\/div>\n\t\t\t<\/div>\n<\/section> ","protected":false},"excerpt":{"rendered":"<p>A l\u2019attention des auteur-ice-s Chez Peter Lang, nous nous effor\u00e7ons de mettre toute notre exp\u00e9rience et notre savoir-faire en mati\u00e8re d&#8217;\u00e9dition au service de votre projet : de la d\u00e9finition du type de publication (digital, print, OpenAccess, etc.) \u00e0 la production de votre livre, en passant par le marketing et le graphisme, nos \u00e9quipes sont [&hellip;]<\/p>\n","protected":false},"author":1,"featured_media":0,"parent":0,"menu_order":0,"comment_status":"closed","ping_status":"closed","template":"","meta":{"_acf_changed":false,"content-type":"","footnotes":""},"class_list":["post-3556","page","type-page","status-publish","hentry"],"acf":[],"yoast_head":"<!-- This site is optimized with the Yoast SEO Premium plugin v24.6 (Yoast SEO v24.9) - https:\/\/yoast.com\/wordpress\/plugins\/seo\/ -->\n<title>Peter Lang | Informations pour les auteur-ice-s<\/title>\n<meta name=\"description\" content=\"D\u00e9couvrez comment soumettre votre projet de publication chez Peter Lang, obtenez des conseils sur mesure et des recommandations cl\u00e9s !\" \/>\n<meta name=\"robots\" content=\"index, follow, max-snippet:-1, max-image-preview:large, max-video-preview:-1\" \/>\n<link rel=\"canonical\" href=\"https:\/\/www.peterlang.com\/fr\/pour-les-auteur-ice-s\/\" \/>\n<meta property=\"og:locale\" content=\"fr_FR\" \/>\n<meta property=\"og:type\" content=\"article\" \/>\n<meta property=\"og:title\" content=\"Informations pour les auteur-ice-s\" \/>\n<meta property=\"og:description\" content=\"D\u00e9couvrez comment soumettre votre projet de publication chez Peter Lang, obtenez des conseils sur mesure et des recommandations cl\u00e9s !\" \/>\n<meta property=\"og:url\" content=\"https:\/\/www.peterlang.com\/fr\/pour-les-auteur-ice-s\/\" \/>\n<meta property=\"og:site_name\" content=\"Peter Lang\" \/>\n<meta property=\"article:modified_time\" content=\"2026-08-17T16:26:19+00:00\" \/>\n<meta name=\"twitter:card\" content=\"summary_large_image\" \/>\n<meta name=\"twitter:label1\" content=\"Est. reading time\" \/>\n\t<meta name=\"twitter:data1\" content=\"8 minutes\" \/>\n<script type=\"application\/ld+json\" class=\"yoast-schema-graph\">{\"@context\":\"https:\/\/schema.org\",\"@graph\":[{\"@type\":\"WebPage\",\"@id\":\"https:\/\/www.peterlang.com\/fr\/pour-les-auteur-ice-s\/\",\"url\":\"https:\/\/www.peterlang.com\/fr\/pour-les-auteur-ice-s\/\",\"name\":\"Peter Lang | Informations pour les auteur-ice-s\",\"isPartOf\":{\"@id\":\"https:\/\/www.peterlang.com\/#website\"},\"datePublished\":\"2021-08-05T16:48:45+00:00\",\"dateModified\":\"2026-08-17T16:26:19+00:00\",\"description\":\"D\u00e9couvrez comment soumettre votre projet de publication chez Peter Lang, obtenez des conseils sur mesure et des recommandations cl\u00e9s !\",\"breadcrumb\":{\"@id\":\"https:\/\/www.peterlang.com\/fr\/pour-les-auteur-ice-s\/#breadcrumb\"},\"inLanguage\":\"fr-FR\",\"potentialAction\":[{\"@type\":\"ReadAction\",\"target\":[\"https:\/\/www.peterlang.com\/fr\/pour-les-auteur-ice-s\/\"]}]},{\"@type\":\"BreadcrumbList\",\"@id\":\"https:\/\/www.peterlang.com\/fr\/pour-les-auteur-ice-s\/#breadcrumb\",\"itemListElement\":[{\"@type\":\"ListItem\",\"position\":1,\"name\":\"Home\",\"item\":\"https:\/\/www.peterlang.com\/fr\/\"},{\"@type\":\"ListItem\",\"position\":2,\"name\":\"Informations pour les auteur-ice-s\"}]},{\"@type\":\"WebSite\",\"@id\":\"https:\/\/www.peterlang.com\/#website\",\"url\":\"https:\/\/www.peterlang.com\/\",\"name\":\"Peter Lang\",\"description\":\"Peter Lang specializes in the Humanities and Social Sciences, covering the complete publication spectrum from monographs to student textbooks.\",\"potentialAction\":[{\"@type\":\"SearchAction\",\"target\":{\"@type\":\"EntryPoint\",\"urlTemplate\":\"https:\/\/www.peterlang.com\/?s={search_term_string}\"},\"query-input\":{\"@type\":\"PropertyValueSpecification\",\"valueRequired\":true,\"valueName\":\"search_term_string\"}}],\"inLanguage\":\"fr-FR\"}]}<\/script>\n<!-- \/ Yoast SEO Premium plugin. -->","yoast_head_json":{"title":"Peter Lang | Informations pour les auteur-ice-s","description":"D\u00e9couvrez comment soumettre votre projet de publication chez Peter Lang, obtenez des conseils sur mesure et des recommandations cl\u00e9s !","robots":{"index":"index","follow":"follow","max-snippet":"max-snippet:-1","max-image-preview":"max-image-preview:large","max-video-preview":"max-video-preview:-1"},"canonical":"https:\/\/www.peterlang.com\/fr\/pour-les-auteur-ice-s\/","og_locale":"fr_FR","og_type":"article","og_title":"Informations pour les auteur-ice-s","og_description":"D\u00e9couvrez comment soumettre votre projet de publication chez Peter Lang, obtenez des conseils sur mesure et des recommandations cl\u00e9s !","og_url":"https:\/\/www.peterlang.com\/fr\/pour-les-auteur-ice-s\/","og_site_name":"Peter Lang","article_modified_time":"2026-08-17T16:26:19+00:00","twitter_card":"summary_large_image","twitter_misc":{"Est. reading time":"8 minutes"},"schema":{"@context":"https:\/\/schema.org","@graph":[{"@type":"WebPage","@id":"https:\/\/www.peterlang.com\/fr\/pour-les-auteur-ice-s\/","url":"https:\/\/www.peterlang.com\/fr\/pour-les-auteur-ice-s\/","name":"Peter Lang | Informations pour les auteur-ice-s","isPartOf":{"@id":"https:\/\/www.peterlang.com\/#website"},"datePublished":"2021-08-05T16:48:45+00:00","dateModified":"2026-08-17T16:26:19+00:00","description":"D\u00e9couvrez comment soumettre votre projet de publication chez Peter Lang, obtenez des conseils sur mesure et des recommandations cl\u00e9s !","breadcrumb":{"@id":"https:\/\/www.peterlang.com\/fr\/pour-les-auteur-ice-s\/#breadcrumb"},"inLanguage":"fr-FR","potentialAction":[{"@type":"ReadAction","target":["https:\/\/www.peterlang.com\/fr\/pour-les-auteur-ice-s\/"]}]},{"@type":"BreadcrumbList","@id":"https:\/\/www.peterlang.com\/fr\/pour-les-auteur-ice-s\/#breadcrumb","itemListElement":[{"@type":"ListItem","position":1,"name":"Home","item":"https:\/\/www.peterlang.com\/fr\/"},{"@type":"ListItem","position":2,"name":"Informations pour les auteur-ice-s"}]},{"@type":"WebSite","@id":"https:\/\/www.peterlang.com\/#website","url":"https:\/\/www.peterlang.com\/","name":"Peter Lang","description":"Peter Lang specializes in the Humanities and Social Sciences, covering the complete publication spectrum from monographs to student textbooks.","potentialAction":[{"@type":"SearchAction","target":{"@type":"EntryPoint","urlTemplate":"https:\/\/www.peterlang.com\/?s={search_term_string}"},"query-input":{"@type":"PropertyValueSpecification","valueRequired":true,"valueName":"search_term_string"}}],"inLanguage":"fr-FR"}]}},"_links":{"self":[{"href":"https:\/\/www.peterlang.com\/fr\/wp-json\/wp\/v2\/pages\/3556","targetHints":{"allow":["GET"]}}],"collection":[{"href":"https:\/\/www.peterlang.com\/fr\/wp-json\/wp\/v2\/pages"}],"about":[{"href":"https:\/\/www.peterlang.com\/fr\/wp-json\/wp\/v2\/types\/page"}],"author":[{"embeddable":true,"href":"https:\/\/www.peterlang.com\/fr\/wp-json\/wp\/v2\/users\/1"}],"replies":[{"embeddable":true,"href":"https:\/\/www.peterlang.com\/fr\/wp-json\/wp\/v2\/comments?post=3556"}],"version-history":[{"count":148,"href":"https:\/\/www.peterlang.com\/fr\/wp-json\/wp\/v2\/pages\/3556\/revisions"}],"predecessor-version":[{"id":59183,"href":"https:\/\/www.peterlang.com\/fr\/wp-json\/wp\/v2\/pages\/3556\/revisions\/59183"}],"wp:attachment":[{"href":"https:\/\/www.peterlang.com\/fr\/wp-json\/wp\/v2\/media?parent=3556"}],"curies":[{"name":"wp","href":"https:\/\/api.w.org\/{rel}","templated":true}]}}